{"version":"1.0","provider_name":"UdB en espa\u00f1ol","provider_url":"https:\/\/uniondelbarrio.org\/esp","author_name":"UdBpaginas_esp","author_url":"https:\/\/uniondelbarrio.org\/esp\/author\/udbpaginas_esp\/","title":"1o de mayo de 2023, D\u00eda Internacional de los Trabajadores: \u201cEl Poder en Manos de la Clase Obrera - Contraatacar la Ofensiva Capitalista\" - UdB en espa\u00f1ol","type":"rich","width":600,"height":338,"html":"<blockquote class=\"wp-embedded-content\" data-secret=\"8gw98GVFTU\"><a href=\"https:\/\/uniondelbarrio.org\/esp\/1246-2\/\">1o de mayo de 2023, D\u00eda Internacional de los Trabajadores:  \u201cEl Poder en Manos de la Clase Obrera &#8211; Contraatacar la Ofensiva Capitalista&#8221;<\/a><\/blockquote><iframe sandbox=\"allow-scripts\" security=\"restricted\" src=\"https:\/\/uniondelbarrio.org\/esp\/1246-2\/embed\/#?secret=8gw98GVFTU\" width=\"600\" height=\"338\" title=\"&#8220;1o de mayo de 2023, D\u00eda Internacional de los Trabajadores:  \u201cEl Poder en Manos de la Clase Obrera &#8211; Contraatacar la Ofensiva Capitalista&#8221;&#8221; &#8212; UdB en espa\u00f1ol\" data-secret=\"8gw98GVFTU\" frameborder=\"0\" marginwidth=\"0\" marginheight=\"0\" scrolling=\"no\" class=\"wp-embedded-content\"><\/iframe><script type=\"text\/javascript\">\n\/* <![CDATA[ *\/\n\/*! This file is auto-generated *\/\n!function(d,l){\"use strict\";l.querySelector&&d.addEventListener&&\"undefined\"!=typeof URL&&(d.wp=d.wp||{},d.wp.receiveEmbedMessage||(d.wp.receiveEmbedMessage=function(e){var t=e.data;if((t||t.secret||t.message||t.value)&&!\/[^a-zA-Z0-9]\/.test(t.secret)){for(var s,r,n,a=l.querySelectorAll('iframe[data-secret=\"'+t.secret+'\"]'),o=l.querySelectorAll('blockquote[data-secret=\"'+t.secret+'\"]'),c=new RegExp(\"^https?:$\",\"i\"),i=0;i<o.length;i++)o[i].style.display=\"none\";for(i=0;i<a.length;i++)s=a[i],e.source===s.contentWindow&&(s.removeAttribute(\"style\"),\"height\"===t.message?(1e3<(r=parseInt(t.value,10))?r=1e3:~~r<200&&(r=200),s.height=r):\"link\"===t.message&&(r=new URL(s.getAttribute(\"src\")),n=new URL(t.value),c.test(n.protocol))&&n.host===r.host&&l.activeElement===s&&(d.top.location.href=t.value))}},d.addEventListener(\"message\",d.wp.receiveEmbedMessage,!1),l.addEventListener(\"DOMContentLoaded\",function(){for(var e,t,s=l.querySelectorAll(\"iframe.wp-embedded-content\"),r=0;r<s.length;r++)(t=(e=s[r]).getAttribute(\"data-secret\"))||(t=Math.random().toString(36).substring(2,12),e.src+=\"#?secret=\"+t,e.setAttribute(\"data-secret\",t)),e.contentWindow.postMessage({message:\"ready\",secret:t},\"*\")},!1)))}(window,document);\n\/\/# sourceURL=https:\/\/uniondelbarrio.org\/esp\/wp-includes\/js\/wp-embed.min.js\n\/* ]]> *\/\n<\/script>\n","description":"La crisis econ\u00f3mica mundial que enfrenta la mayor\u00eda de los trabajadores se est\u00e1 agudizando y empeorando con las ambiciones imperialistas estadounidenses. Los trabajadores de hoy est\u00e1n bajo un mayor ataque econ\u00f3mico con la inflaci\u00f3n y los costos de energ\u00eda y alimentos que se disparan y perjudican a los trabajadores. Con la declaraci\u00f3n de emergencia sanitaria [&hellip;]","thumbnail_url":"https:\/\/uniondelbarrio.org\/esp\/wp-content\/uploads\/2020\/04\/englishversionbutton.png","thumbnail_width":184,"thumbnail_height":64}