{"id":1138,"date":"2020-08-24T10:55:51","date_gmt":"2020-08-24T17:55:51","guid":{"rendered":"http:\/\/uniondelbarrio.org\/esp\/?page_id=1138"},"modified":"2020-08-24T10:56:13","modified_gmt":"2020-08-24T17:56:13","slug":"companero-marco-anguiano-un-hombre-de-principios-y-compromiso-revolucionario","status":"publish","type":"page","link":"https:\/\/uniondelbarrio.org\/esp\/companero-marco-anguiano-un-hombre-de-principios-y-compromiso-revolucionario\/","title":{"rendered":"Compa\u00f1ero Marco Anguiano: Un Hombre de Principios y Compromiso Revolucionario"},"content":{"rendered":"<p><img loading=\"lazy\" decoding=\"async\" class=\"alignright size-medium wp-image-1139\" src=\"https:\/\/uniondelbarrio.org\/esp\/wp-content\/uploads\/2020\/08\/2_MarcoAnguiano_Presente_UdB_0824_esp-300x295.jpg\" alt=\"\" width=\"300\" height=\"295\" srcset=\"https:\/\/uniondelbarrio.org\/esp\/wp-content\/uploads\/2020\/08\/2_MarcoAnguiano_Presente_UdB_0824_esp-300x295.jpg 300w, https:\/\/uniondelbarrio.org\/esp\/wp-content\/uploads\/2020\/08\/2_MarcoAnguiano_Presente_UdB_0824_esp-1024x1007.jpg 1024w, https:\/\/uniondelbarrio.org\/esp\/wp-content\/uploads\/2020\/08\/2_MarcoAnguiano_Presente_UdB_0824_esp-768x756.jpg 768w, https:\/\/uniondelbarrio.org\/esp\/wp-content\/uploads\/2020\/08\/2_MarcoAnguiano_Presente_UdB_0824_esp.jpg 1050w\" sizes=\"auto, (max-width: 300px) 100vw, 300px\" \/>El 24 de agosto de 2005 a las 5:30 a.m. el movimiento por la liberaci\u00f3n de la Raza perdi\u00f3 a uno de sus activistas m\u00e1s comprometidos y talentosos, Marco Anguiano. Un talentoso organizador, escritor, estratega pol\u00edtico y artista, el compa\u00f1ero Marco perdi\u00f3 su lucha contra el c\u00e1ncer. Ten\u00eda 52 a\u00f1os.<\/p>\n<p><a href=\"http:\/\/uniondelbarrio.org\/main\/?page_id=1906\"><img loading=\"lazy\" decoding=\"async\" class=\"alignleft wp-image-1088 size-full\" src=\"https:\/\/uniondelbarrio.org\/esp\/wp-content\/uploads\/2020\/04\/englishversionbutton.png\" alt=\"\" width=\"184\" height=\"64\" \/><\/a>A lo largo de sus m\u00e1s de 30 a\u00f1os de activismo, el compa\u00f1ero Marco fue respetado como un apasionado enemigo de la opresi\u00f3n, un luchador por la libertad que simbolizaba la lucha del pueblo mexicano por la justicia, la paz y la liberaci\u00f3n. Marco era un hombre de principios y un dedicado revolucionario que nunca comprometi\u00f3 sus ideales de lucha.<\/p>\n<p>Los padres de Marco eran trabajadores agr\u00edcolas y hoteleros. Lo criaron a ambos lados de la frontera impuesta militarmente, una frontera a la que dedic\u00f3 su vida a derribar. Durante su infancia y adolescencia, el compa\u00f1ero Marco asisti\u00f3 a escuelas en Tijuana, as\u00ed como en el sureste de San Diego.<\/p>\n<p>Mientras estudiaba en la preparatoria Marian, su oposici\u00f3n a la guerra en Vietnam lo meti\u00f3 en problemas con la administraci\u00f3n de la escuela; lo sorprendieron trabajando en un peri\u00f3dico clandestino que publicaba art\u00edculos que se opon\u00edan a la guerra. M\u00e1s tarde, durante la d\u00e9cada de los 70, Marco asisti\u00f3 al Southwestern College en Chula Vista, donde se convirti\u00f3 en un miembro destacado de MEChA (Movimiento Estudiantil Chicano de Aztl\u00e1n).<\/p>\n<p><img loading=\"lazy\" decoding=\"async\" class=\"alignleft size-medium wp-image-1141\" src=\"https:\/\/uniondelbarrio.org\/esp\/wp-content\/uploads\/2020\/08\/MarcoAnguiano1-768x834-1-276x300.jpg\" alt=\"\" width=\"276\" height=\"300\" srcset=\"https:\/\/uniondelbarrio.org\/esp\/wp-content\/uploads\/2020\/08\/MarcoAnguiano1-768x834-1-276x300.jpg 276w, https:\/\/uniondelbarrio.org\/esp\/wp-content\/uploads\/2020\/08\/MarcoAnguiano1-768x834-1.jpg 768w\" sizes=\"auto, (max-width: 276px) 100vw, 276px\" \/>A fines de los a\u00f1os 80, Marco vivi\u00f3 y trabaj\u00f3 en el Medio Oriente como artista gr\u00e1fico. Durante ese tiempo viaj\u00f3 por Egipto, Arabia Saudita y otros pa\u00edses. Esta experiencia lo politiz\u00f3 a\u00fan m\u00e1s y pudo ver con mayor claridad el rol del imperialismo estadounidense en la regi\u00f3n. En 1991 poco despu\u00e9s de regresar de Medio Oriente, y como parte de una delegaci\u00f3n que participo en el Festival de Arte Bienal, Marco viaja a Cuba. Inmediatamente se convirti\u00f3 en un partidario y defensor comprometido de la Revoluci\u00f3n Cubana.<\/p>\n<p>A principios de la d\u00e9cada de los 90, Marco fue un elemento fundamental para el trabajo del Centro Cultural de La Raza, el Comit\u00e9 Directivo del Parque Chicano, as\u00ed como para asumir una posici\u00f3n de liderazgo dentro de la Raza Rights Coalition (un proyecto de Uni\u00f3n del Barrio). Fue en 1991 cuando Marco decidi\u00f3 unirse a Uni\u00f3n del Barrio. Se le reconoci\u00f3 de inmediato por sus habilidades en organizaci\u00f3n y estrategia pol\u00edtica, y fue elegido en 1993 para integrar la Mesa Directiva de Uni\u00f3n del Barrio (hoy conocido como el Comit\u00e9 Central).<\/p>\n<p>En 1995, debido a su oposici\u00f3n a las decisiones tomadas por la direcci\u00f3n de Uni\u00f3n del Barrio, dej\u00f3 temporalmente la organizaci\u00f3n, aunque su partida no fue negativa. De manera verdaderamente basada en principios, continu\u00f3 siendo parte del liderazgo de la Raza Rights Coalition y siempre demostr\u00f3 respeto y camarader\u00eda hacia el trabajo y la membres\u00eda de UdB.<br \/>\nA lo largo de la d\u00e9cada de los 90, y hasta el momento de su muerte, el compa\u00f1ero Marco fue uno de los individuos m\u00e1s activos en el movimiento chicano-mexicano en San Diego. Particip\u00f3 en la organizaci\u00f3n de innumerables conferencias, festivales, marchas y protestas, todo con el objetivo de avanzar en la lucha por la liberaci\u00f3n de la raza. Adem\u00e1s de ser un excelente organizador, Marco fue un escritor excepcional y public\u00f3 numerosos art\u00edculos en Voz Fronteriza, \u00a1La Verdad!, y en muchos programas y documentos del Comit\u00e9 Directivo del Parque Chicano y el Centro Cultural de la Raza.<\/p>\n<p><img loading=\"lazy\" decoding=\"async\" class=\"alignleft size-medium wp-image-1140\" src=\"https:\/\/uniondelbarrio.org\/esp\/wp-content\/uploads\/2020\/08\/2001_e_Marco_7-300x220.jpg\" alt=\"\" width=\"300\" height=\"220\" srcset=\"https:\/\/uniondelbarrio.org\/esp\/wp-content\/uploads\/2020\/08\/2001_e_Marco_7-300x220.jpg 300w, https:\/\/uniondelbarrio.org\/esp\/wp-content\/uploads\/2020\/08\/2001_e_Marco_7.jpg 504w\" sizes=\"auto, (max-width: 300px) 100vw, 300px\" \/>A veces, su enfoque de principios a la lucha pol\u00edtica lo llev\u00f3 a conflictos con liberales y oportunistas hispanos. El compa\u00f1ero Marco vivi\u00f3 su vida convencido de que s\u00f3lo la revoluci\u00f3n y la construcci\u00f3n de una sociedad socialista (donde no hay ricos ni pobres, y la riqueza de la sociedad se comparte por igual), podr\u00eda traer paz y justicia a la humanidad. Marco bas\u00f3 su vida y sus acciones en esta creencia, incluso durante las \u00faltimas semanas que compartimos con \u00e9l.<\/p>\n<p>Su compromiso con la lucha y la importancia que le daba a la organizaci\u00f3n fueron ejemplificados por una solicitud que hizo a Uni\u00f3n del Barrio a principios de julio de 2005. Marco nos explic\u00f3 que, independientemente de la direcci\u00f3n que tomar\u00eda su salud en los pr\u00f3ximos meses, el deseaba ser miembro de Uni\u00f3n del Barrio de nuevo.<\/p>\n<p>El 10 de julio de 2005, desde su cama de hospital y en presencia de su Compa\u00f1era Annie Ross y algunos dirigentes de Uni\u00f3n del Barrio, el compa\u00f1ero Marco Anguiano puso su mano sobre la bandera mexicana y recit\u00f3 el compromiso organizativo de Uni\u00f3n del Barrio, convirti\u00e9ndose as\u00ed en miembro con todos los derechos de UdB:<\/p>\n<blockquote><p>\u201cAnte la memoria de los luchadores por la libertad y los m\u00e1rtires de M\u00e9xico, las Am\u00e9ricas y la humanidad en general, ante la historia, coloco mi mano sobre la bandera verde, blanca y roja que significa&#8221; Patria O Muerte &#8220;, y juro defender el honor nacional, y luchar por la redenci\u00f3n de los oprimidos y explotados en M\u00e9xico y el mundo. Si cumplo este juramento, la libertad de M\u00e9xico y todos los pueblos ser\u00e1n la recompensa. Si fracaso, la desgracia y la deshonra ser\u00e1n mi castigo\u201d.<\/p><\/blockquote>\n<p>46 d\u00edas m\u00e1s tarde, el 24 de agosto, perdimos no solo a un hijo revolucionario de la naci\u00f3n mexicana, sino que a un amigo de los pueblos oprimidos alrededor del mundo.<\/p>\n<p><img loading=\"lazy\" decoding=\"async\" class=\"size-medium wp-image-1142 alignright\" src=\"https:\/\/uniondelbarrio.org\/esp\/wp-content\/uploads\/2020\/08\/CentroBanner_1-768x242-1-300x95.jpg\" alt=\"\" width=\"300\" height=\"95\" srcset=\"https:\/\/uniondelbarrio.org\/esp\/wp-content\/uploads\/2020\/08\/CentroBanner_1-768x242-1-300x95.jpg 300w, https:\/\/uniondelbarrio.org\/esp\/wp-content\/uploads\/2020\/08\/CentroBanner_1-768x242-1.jpg 768w\" sizes=\"auto, (max-width: 300px) 100vw, 300px\" \/>Hoy, la sede de Uni\u00f3n del Barrio en San Diego lleva su nombre: &#8220;Centro Aztl\u00e1n Marco Anguiano&#8221;. Es muy apropiado que el trabajo comunitario de UdB en San Diego se organice en un edificio nombrado en honor a \u00e9l, y a pocos pasos de su querido Parque Chicano.<\/p>\n<p>Hombres y mujeres que dedican sus vidas a la lucha por la justicia, la paz y la liberaci\u00f3n siempre ser\u00e1n apreciados en la memoria y el esp\u00edritu de lucha de nuestro pueblo. En palabras del general Emiliano Zapata&#8230; &#8220;\u00a1Es mejor morir de pie, que vivir de rodillas!&#8221;<\/p>\n<p style=\"text-align: center;\"><em><strong><span style=\"color: #993300;\">\u00a1Compa\u00f1ero Marco Anguiano, Presente!<\/span><\/strong><\/em><\/p>\n<p><img loading=\"lazy\" decoding=\"async\" class=\"aligncenter size-large wp-image-1143\" src=\"https:\/\/uniondelbarrio.org\/esp\/wp-content\/uploads\/2020\/08\/IMG_6038-1024x768.jpg\" alt=\"\" width=\"640\" height=\"480\" srcset=\"https:\/\/uniondelbarrio.org\/esp\/wp-content\/uploads\/2020\/08\/IMG_6038-1024x768.jpg 1024w, https:\/\/uniondelbarrio.org\/esp\/wp-content\/uploads\/2020\/08\/IMG_6038-300x225.jpg 300w, https:\/\/uniondelbarrio.org\/esp\/wp-content\/uploads\/2020\/08\/IMG_6038-768x576.jpg 768w, https:\/\/uniondelbarrio.org\/esp\/wp-content\/uploads\/2020\/08\/IMG_6038-1536x1152.jpg 1536w, https:\/\/uniondelbarrio.org\/esp\/wp-content\/uploads\/2020\/08\/IMG_6038.jpg 1600w\" sizes=\"auto, (max-width: 640px) 100vw, 640px\" \/><\/p>\n","protected":false},"excerpt":{"rendered":"<p>El 24 de agosto de 2005 a las 5:30 a.m. el movimiento por la liberaci\u00f3n de la Raza perdi\u00f3 a uno de sus activistas m\u00e1s comprometidos y talentosos, Marco Anguiano. Un talentoso organizador, escritor, estratega pol\u00edtico y artista, el compa\u00f1ero Marco perdi\u00f3 su lucha contra el c\u00e1ncer. Ten\u00eda 52 a\u00f1os. A lo largo de sus [&hellip;]<\/p>\n","protected":false},"author":1,"featured_media":0,"parent":0,"menu_order":0,"comment_status":"closed","ping_status":"closed","template":"","meta":{"footnotes":""},"class_list":["post-1138","page","type-page","status-publish","hentry"],"yoast_head":"<!-- This site is optimized with the Yoast SEO plugin v27.5 - https:\/\/yoast.com\/product\/yoast-seo-wordpress\/ -->\n<title>Compa\u00f1ero Marco Anguiano: Un Hombre de Principios y Compromiso Revolucionario - UdB en espa\u00f1ol<\/title>\n<meta name=\"robots\" content=\"index, follow, max-snippet:-1, max-image-preview:large, max-video-preview:-1\" \/>\n<link rel=\"canonical\" href=\"https:\/\/uniondelbarrio.org\/esp\/companero-marco-anguiano-un-hombre-de-principios-y-compromiso-revolucionario\/\" \/>\n<meta property=\"og:locale\" content=\"en_US\" \/>\n<meta property=\"og:type\" content=\"article\" \/>\n<meta property=\"og:title\" content=\"Compa\u00f1ero Marco Anguiano: Un Hombre de Principios y Compromiso Revolucionario - UdB en espa\u00f1ol\" \/>\n<meta property=\"og:description\" content=\"El 24 de agosto de 2005 a las 5:30 a.m. el movimiento por la liberaci\u00f3n de la Raza perdi\u00f3 a uno de sus activistas m\u00e1s comprometidos y talentosos, Marco Anguiano. Un talentoso organizador, escritor, estratega pol\u00edtico y artista, el compa\u00f1ero Marco perdi\u00f3 su lucha contra el c\u00e1ncer. Ten\u00eda 52 a\u00f1os. A lo largo de sus [&hellip;]\" \/>\n<meta property=\"og:url\" content=\"https:\/\/uniondelbarrio.org\/esp\/companero-marco-anguiano-un-hombre-de-principios-y-compromiso-revolucionario\/\" \/>\n<meta property=\"og:site_name\" content=\"UdB en espa\u00f1ol\" \/>\n<meta property=\"article:publisher\" content=\"https:\/\/www.facebook.com\/UniondelBarrio\" \/>\n<meta property=\"article:modified_time\" content=\"2020-08-24T17:56:13+00:00\" \/>\n<meta property=\"og:image\" content=\"http:\/\/uniondelbarrio.org\/esp\/wp-content\/uploads\/2020\/08\/2_MarcoAnguiano_Presente_UdB_0824_esp-300x295.jpg\" \/>\n<meta name=\"twitter:card\" content=\"summary_large_image\" \/>\n<meta name=\"twitter:site\" content=\"@UniondelBarrio\" \/>\n<meta name=\"twitter:label1\" content=\"Est. reading time\" \/>\n\t<meta name=\"twitter:data1\" content=\"5 minutes\" \/>\n<script type=\"application\/ld+json\" class=\"yoast-schema-graph\">{\"@context\":\"https:\\\/\\\/schema.org\",\"@graph\":[{\"@type\":\"WebPage\",\"@id\":\"https:\\\/\\\/uniondelbarrio.org\\\/esp\\\/companero-marco-anguiano-un-hombre-de-principios-y-compromiso-revolucionario\\\/\",\"url\":\"https:\\\/\\\/uniondelbarrio.org\\\/esp\\\/companero-marco-anguiano-un-hombre-de-principios-y-compromiso-revolucionario\\\/\",\"name\":\"Compa\u00f1ero Marco Anguiano: Un Hombre de Principios y Compromiso Revolucionario - UdB en espa\u00f1ol\",\"isPartOf\":{\"@id\":\"https:\\\/\\\/uniondelbarrio.org\\\/esp\\\/#website\"},\"primaryImageOfPage\":{\"@id\":\"https:\\\/\\\/uniondelbarrio.org\\\/esp\\\/companero-marco-anguiano-un-hombre-de-principios-y-compromiso-revolucionario\\\/#primaryimage\"},\"image\":{\"@id\":\"https:\\\/\\\/uniondelbarrio.org\\\/esp\\\/companero-marco-anguiano-un-hombre-de-principios-y-compromiso-revolucionario\\\/#primaryimage\"},\"thumbnailUrl\":\"http:\\\/\\\/uniondelbarrio.org\\\/esp\\\/wp-content\\\/uploads\\\/2020\\\/08\\\/2_MarcoAnguiano_Presente_UdB_0824_esp-300x295.jpg\",\"datePublished\":\"2020-08-24T17:55:51+00:00\",\"dateModified\":\"2020-08-24T17:56:13+00:00\",\"breadcrumb\":{\"@id\":\"https:\\\/\\\/uniondelbarrio.org\\\/esp\\\/companero-marco-anguiano-un-hombre-de-principios-y-compromiso-revolucionario\\\/#breadcrumb\"},\"inLanguage\":\"en-US\",\"potentialAction\":[{\"@type\":\"ReadAction\",\"target\":[\"https:\\\/\\\/uniondelbarrio.org\\\/esp\\\/companero-marco-anguiano-un-hombre-de-principios-y-compromiso-revolucionario\\\/\"]}]},{\"@type\":\"ImageObject\",\"inLanguage\":\"en-US\",\"@id\":\"https:\\\/\\\/uniondelbarrio.org\\\/esp\\\/companero-marco-anguiano-un-hombre-de-principios-y-compromiso-revolucionario\\\/#primaryimage\",\"url\":\"http:\\\/\\\/uniondelbarrio.org\\\/esp\\\/wp-content\\\/uploads\\\/2020\\\/08\\\/2_MarcoAnguiano_Presente_UdB_0824_esp-300x295.jpg\",\"contentUrl\":\"http:\\\/\\\/uniondelbarrio.org\\\/esp\\\/wp-content\\\/uploads\\\/2020\\\/08\\\/2_MarcoAnguiano_Presente_UdB_0824_esp-300x295.jpg\"},{\"@type\":\"BreadcrumbList\",\"@id\":\"https:\\\/\\\/uniondelbarrio.org\\\/esp\\\/companero-marco-anguiano-un-hombre-de-principios-y-compromiso-revolucionario\\\/#breadcrumb\",\"itemListElement\":[{\"@type\":\"ListItem\",\"position\":1,\"name\":\"Home\",\"item\":\"https:\\\/\\\/uniondelbarrio.org\\\/esp\\\/\"},{\"@type\":\"ListItem\",\"position\":2,\"name\":\"Compa\u00f1ero Marco Anguiano: Un Hombre de Principios y Compromiso Revolucionario\"}]},{\"@type\":\"WebSite\",\"@id\":\"https:\\\/\\\/uniondelbarrio.org\\\/esp\\\/#website\",\"url\":\"https:\\\/\\\/uniondelbarrio.org\\\/esp\\\/\",\"name\":\"UdB en espa\u00f1ol\",\"description\":\"Concientizaci\u00f3n, Organizaci\u00f3n, Acci\u00f3n y Liberaci\u00f3n\",\"potentialAction\":[{\"@type\":\"SearchAction\",\"target\":{\"@type\":\"EntryPoint\",\"urlTemplate\":\"https:\\\/\\\/uniondelbarrio.org\\\/esp\\\/?s={search_term_string}\"},\"query-input\":{\"@type\":\"PropertyValueSpecification\",\"valueRequired\":true,\"valueName\":\"search_term_string\"}}],\"inLanguage\":\"en-US\"}]}<\/script>\n<!-- \/ Yoast SEO plugin. -->","yoast_head_json":{"title":"Compa\u00f1ero Marco Anguiano: Un Hombre de Principios y Compromiso Revolucionario - UdB en espa\u00f1ol","robots":{"index":"index","follow":"follow","max-snippet":"max-snippet:-1","max-image-preview":"max-image-preview:large","max-video-preview":"max-video-preview:-1"},"canonical":"https:\/\/uniondelbarrio.org\/esp\/companero-marco-anguiano-un-hombre-de-principios-y-compromiso-revolucionario\/","og_locale":"en_US","og_type":"article","og_title":"Compa\u00f1ero Marco Anguiano: Un Hombre de Principios y Compromiso Revolucionario - UdB en espa\u00f1ol","og_description":"El 24 de agosto de 2005 a las 5:30 a.m. el movimiento por la liberaci\u00f3n de la Raza perdi\u00f3 a uno de sus activistas m\u00e1s comprometidos y talentosos, Marco Anguiano. Un talentoso organizador, escritor, estratega pol\u00edtico y artista, el compa\u00f1ero Marco perdi\u00f3 su lucha contra el c\u00e1ncer. Ten\u00eda 52 a\u00f1os. A lo largo de sus [&hellip;]","og_url":"https:\/\/uniondelbarrio.org\/esp\/companero-marco-anguiano-un-hombre-de-principios-y-compromiso-revolucionario\/","og_site_name":"UdB en espa\u00f1ol","article_publisher":"https:\/\/www.facebook.com\/UniondelBarrio","article_modified_time":"2020-08-24T17:56:13+00:00","og_image":[{"url":"http:\/\/uniondelbarrio.org\/esp\/wp-content\/uploads\/2020\/08\/2_MarcoAnguiano_Presente_UdB_0824_esp-300x295.jpg","type":"","width":"","height":""}],"twitter_card":"summary_large_image","twitter_site":"@UniondelBarrio","twitter_misc":{"Est. reading time":"5 minutes"},"schema":{"@context":"https:\/\/schema.org","@graph":[{"@type":"WebPage","@id":"https:\/\/uniondelbarrio.org\/esp\/companero-marco-anguiano-un-hombre-de-principios-y-compromiso-revolucionario\/","url":"https:\/\/uniondelbarrio.org\/esp\/companero-marco-anguiano-un-hombre-de-principios-y-compromiso-revolucionario\/","name":"Compa\u00f1ero Marco Anguiano: Un Hombre de Principios y Compromiso Revolucionario - UdB en espa\u00f1ol","isPartOf":{"@id":"https:\/\/uniondelbarrio.org\/esp\/#website"},"primaryImageOfPage":{"@id":"https:\/\/uniondelbarrio.org\/esp\/companero-marco-anguiano-un-hombre-de-principios-y-compromiso-revolucionario\/#primaryimage"},"image":{"@id":"https:\/\/uniondelbarrio.org\/esp\/companero-marco-anguiano-un-hombre-de-principios-y-compromiso-revolucionario\/#primaryimage"},"thumbnailUrl":"http:\/\/uniondelbarrio.org\/esp\/wp-content\/uploads\/2020\/08\/2_MarcoAnguiano_Presente_UdB_0824_esp-300x295.jpg","datePublished":"2020-08-24T17:55:51+00:00","dateModified":"2020-08-24T17:56:13+00:00","breadcrumb":{"@id":"https:\/\/uniondelbarrio.org\/esp\/companero-marco-anguiano-un-hombre-de-principios-y-compromiso-revolucionario\/#breadcrumb"},"inLanguage":"en-US","potentialAction":[{"@type":"ReadAction","target":["https:\/\/uniondelbarrio.org\/esp\/companero-marco-anguiano-un-hombre-de-principios-y-compromiso-revolucionario\/"]}]},{"@type":"ImageObject","inLanguage":"en-US","@id":"https:\/\/uniondelbarrio.org\/esp\/companero-marco-anguiano-un-hombre-de-principios-y-compromiso-revolucionario\/#primaryimage","url":"http:\/\/uniondelbarrio.org\/esp\/wp-content\/uploads\/2020\/08\/2_MarcoAnguiano_Presente_UdB_0824_esp-300x295.jpg","contentUrl":"http:\/\/uniondelbarrio.org\/esp\/wp-content\/uploads\/2020\/08\/2_MarcoAnguiano_Presente_UdB_0824_esp-300x295.jpg"},{"@type":"BreadcrumbList","@id":"https:\/\/uniondelbarrio.org\/esp\/companero-marco-anguiano-un-hombre-de-principios-y-compromiso-revolucionario\/#breadcrumb","itemListElement":[{"@type":"ListItem","position":1,"name":"Home","item":"https:\/\/uniondelbarrio.org\/esp\/"},{"@type":"ListItem","position":2,"name":"Compa\u00f1ero Marco Anguiano: Un Hombre de Principios y Compromiso Revolucionario"}]},{"@type":"WebSite","@id":"https:\/\/uniondelbarrio.org\/esp\/#website","url":"https:\/\/uniondelbarrio.org\/esp\/","name":"UdB en espa\u00f1ol","description":"Concientizaci\u00f3n, Organizaci\u00f3n, Acci\u00f3n y Liberaci\u00f3n","potentialAction":[{"@type":"SearchAction","target":{"@type":"EntryPoint","urlTemplate":"https:\/\/uniondelbarrio.org\/esp\/?s={search_term_string}"},"query-input":{"@type":"PropertyValueSpecification","valueRequired":true,"valueName":"search_term_string"}}],"inLanguage":"en-US"}]}},"_links":{"self":[{"href":"https:\/\/uniondelbarrio.org\/esp\/wp-json\/wp\/v2\/pages\/1138","targetHints":{"allow":["GET"]}}],"collection":[{"href":"https:\/\/uniondelbarrio.org\/esp\/wp-json\/wp\/v2\/pages"}],"about":[{"href":"https:\/\/uniondelbarrio.org\/esp\/wp-json\/wp\/v2\/types\/page"}],"author":[{"embeddable":true,"href":"https:\/\/uniondelbarrio.org\/esp\/wp-json\/wp\/v2\/users\/1"}],"replies":[{"embeddable":true,"href":"https:\/\/uniondelbarrio.org\/esp\/wp-json\/wp\/v2\/comments?post=1138"}],"version-history":[{"count":2,"href":"https:\/\/uniondelbarrio.org\/esp\/wp-json\/wp\/v2\/pages\/1138\/revisions"}],"predecessor-version":[{"id":1145,"href":"https:\/\/uniondelbarrio.org\/esp\/wp-json\/wp\/v2\/pages\/1138\/revisions\/1145"}],"wp:attachment":[{"href":"https:\/\/uniondelbarrio.org\/esp\/wp-json\/wp\/v2\/media?parent=1138"}],"curies":[{"name":"wp","href":"https:\/\/api.w.org\/{rel}","templated":true}]}}