{"id":231,"date":"2016-05-21T07:49:51","date_gmt":"2016-05-21T00:49:51","guid":{"rendered":"http:\/\/uniondelbarrio.org\/esp\/?page_id=231"},"modified":"2016-05-28T00:27:21","modified_gmt":"2016-05-27T17:27:21","slug":"donald-trump-fuera-de-san-diego","status":"publish","type":"page","link":"https:\/\/uniondelbarrio.org\/esp\/donald-trump-fuera-de-san-diego\/","title":{"rendered":"\u00a1DONALD TRUMP &#8211; FUERA DE SAN DIEGO!"},"content":{"rendered":"<p><span style=\"color: #ff0000;\"><strong>\u00a1Alerta!<\/strong><\/span> El enemigo ha llegado a la puerta. Donald Trump tiene planeado un mitin en el Centro de Convenciones de San Diego el viernes, 27 de mayo, 2016.<\/p>\n<p><a href=\"http:\/\/uniondelbarrio.org\/main\/?page_id=2018\" target=\"_blank\"><img loading=\"lazy\" decoding=\"async\" class=\"alignright wp-image-215 size-full\" src=\"https:\/\/uniondelbarrio.org\/esp\/wp-content\/uploads\/2016\/05\/englishversionbutton.png\" alt=\"englishversionbutton\" width=\"184\" height=\"64\" \/><\/a>Uni\u00f3n del Barrio en San Diego convoca a toda persona anti-racista, a la gente progresista en general, y a la comunidad mexicana de San Diego en particular, que nos unamos para declarar nuestra oposici\u00f3n a este hombre anti-\u00c1rabe, anti-Mexicano, anti-Mujer, anti-Negro, obsesionado por el\u00a0poder, neo-fascista, oligarca que pretende hacerse el pol\u00edtico mas poderoso de este pa\u00eds.<\/p>\n<p>Trump y sus seguidores trumpistas traen en sus corazones un tremendo odio contra las mexicanas y los mexicanos. En el primer discurso de su campa\u00f1a presidencial este hombre nos pint\u00f3 como criminales, violadores y asesinos. Desde entonces en cada uno de sus discursos va aumentando y expandiendo sus ataques racistas y contra las mujeres. Las palabras de este hombre han desatado un ambiente peligroso para nuestra gente. Raza \u2013 no tenemos otra opci\u00f3n que unirnos al 100% para resistir las agresiones que este se\u00f1or a desatado.<\/p>\n<p>Nos vamos a reunir para una actividad organizada que se llevar\u00e1 acabo en el Parque Chicano este 27 de mayo, a la 1:00 pm. \u00a1No se vaya a rajar mi gente!<\/p>\n<p style=\"text-align: center;\"><span style=\"color: #ff0000;\"><strong>\u00a1Raza S\u00ed &#8211; Trompistas No! \u00a1Alto al Racismo! \u00a1Alto a la Ignorancia! \u00a1DONALD TRUMP &#8211; FUERA!<\/strong><\/span><\/p>\n<p style=\"text-align: center;\">#chaletrump<\/p>\n<p style=\"text-align: center;\">MEDIOS: 619-398-6648. Por favor deje un mensaje y le contestaremos r\u00e1pidamente.<\/p>\n<p><a href=\"https:\/\/uniondelbarrio.org\/esp\/wp-content\/uploads\/2016\/05\/ChaleTrump_SD2016-1.png\"><img loading=\"lazy\" decoding=\"async\" class=\"aligncenter wp-image-236 size-large\" src=\"https:\/\/uniondelbarrio.org\/esp\/wp-content\/uploads\/2016\/05\/ChaleTrump_SD2016-1-1024x932.png\" alt=\"ChaleTrump_SD2016\" width=\"640\" height=\"583\" srcset=\"https:\/\/uniondelbarrio.org\/esp\/wp-content\/uploads\/2016\/05\/ChaleTrump_SD2016-1-1024x932.png 1024w, https:\/\/uniondelbarrio.org\/esp\/wp-content\/uploads\/2016\/05\/ChaleTrump_SD2016-1-300x273.png 300w, https:\/\/uniondelbarrio.org\/esp\/wp-content\/uploads\/2016\/05\/ChaleTrump_SD2016-1-768x699.png 768w, https:\/\/uniondelbarrio.org\/esp\/wp-content\/uploads\/2016\/05\/ChaleTrump_SD2016-1.png 1596w\" sizes=\"auto, (max-width: 640px) 100vw, 640px\" \/><\/a><\/p>\n<p style=\"text-align: center;\"><strong>Mant\u00e9nte al d\u00eda siguiendo por Facebook:<\/strong><\/p>\n<p style=\"text-align: center;\"><a href=\"https:\/\/www.facebook.com\/events\/122901818125485\/\" target=\"_blank\"><strong>https:\/\/www.facebook.com\/events\/122901818125485\/<\/strong><\/a><\/p>\n<p style=\"text-align: center;\"><a href=\"https:\/\/www.facebook.com\/UniondelBarrio\" target=\"_blank\"><strong>https:\/\/www.facebook.com\/UniondelBarrio<\/strong><\/a><\/p>\n<hr \/>\n<p style=\"text-align: left;\"><strong>Patrocinadores:<\/strong><\/p>\n<ul>\n<li>Aguilas del Desierto Inc.<\/li>\n<li>Anakbayan San Diego<\/li>\n<li>Association of Raza Educators San Diego &#8211; ARE<\/li>\n<li>Aztl\u00e1n Consciente<\/li>\n<li>Barrios Resist<\/li>\n<li>Bread &amp; Salt<\/li>\n<li>Brown Berets de Aztlan<\/li>\n<li>Colectivo M.A.M.U.T.<\/li>\n<li>Colectivo Zapatista San Diego<\/li>\n<li>Committee Against Police Brutality San Diego<\/li>\n<li>Danza Azteca Calpulli Mexihca<\/li>\n<li>Danza Maquixtia<\/li>\n<li>Frente Ind\u00edgena Oaxaque\u00f1o Binacional &#8211; FIOB<\/li>\n<li>Frente Popular Revolucionario Baja California<\/li>\n<li>Grupo Elr\u00edo<\/li>\n<li>International Action Center<\/li>\n<li>International Socialist Organization<\/li>\n<li>Leonard Peltier Defense Committee<\/li>\n<li>MEChA\u00a0Lincoln High School<\/li>\n<li>MEChA San Diego State University<\/li>\n<li>MEChA San Diego\u00a0City College<\/li>\n<li>MEChA University of California San Diego<\/li>\n<li>Mesheeka Clothing Co<\/li>\n<li>Migrant Rights Awareness UCSD &#8211; MiRA<\/li>\n<li>Mujeres De Ma\u00edz Fronterizas<\/li>\n<li>Mujeres En Resistencia<\/li>\n<li>OB Rag<\/li>\n<li>Poppa&#8217;s House<\/li>\n<li>Ra\u00edces Sin Fronteras<\/li>\n<li>The Roots Factory<\/li>\n<li>San Diego Free Mumia Abu-Jamal Coalition<\/li>\n<li>The San Diego Free Press<\/li>\n<li>San Diego Party for Socialism &amp; Liberation<\/li>\n<li>Teatro Izcalli<\/li>\n<li>Uhuru Solidarity Committee<\/li>\n<li>UNITE HERE Local 30<\/li>\n<\/ul>\n<hr \/>\n<blockquote><p><strong>QUE TRAER<\/strong><\/p>\n<p>\u00d3rale Mi Gente &#8212; Pedimos que traigan con ustedes todo instrumento que haga ruido &#8212; tambores, matracas, silbatos, trompetas, etc. \u00a1Sean creativos, la idea es hacer el mayor ruido posible! Tambi\u00e9n cualquiera bandera que guste \u2013 entre m\u00e1s banderas Mexicanas mejor. Pi\u00f1atas de Trump, pancartas, etc. Y unos buenos zapatos para la marcha. Sus preguntas se pueden dirigir por FB o el tel\u00e9fono 619\/398-6648. Deje su mensaje, le co<span class=\"text_exposed_show\">ntestaremos enseguida.<\/span><\/p><\/blockquote>\n<hr \/>\n<blockquote><p>Compas, Aliad@s, y Anti-trumpistas \u2013<\/p>\n<p>Uni\u00f3n del Barrio de San Diego convoca a la comunidad en general a congregarse en el Parque Chicano a la 1:00 PM este viernes, 27 de mayo, 2016. Hemos trabajado por defender los barrios del sur de California por 35 a\u00f1os. La actividad que convocamos este viernes tambi\u00e9n es para defender nuestras comunidades contra el racismo y la violencia pol\u00edtica que el Sr. Trump ha expresado contra nuestra gente por varios meses.<\/p>\n<p>Nuestra posici\u00f3n es para defender, y por eso este viernes no aceptaremos ning\u00fan tipo de agresi\u00f3n f\u00edsica. Esperamos la presencia de familias con ni\u00f1os, personas de la tercera edad, e inclusive nuestra gente sin papeles, por esto la seguridad de estas personas es una prioridad.<\/p>\n<p>Este mensaje va a esos trumpistas agresivos &#8211; \u00a1No se acerquen a nosotros! No tenemos nada que decirles, ni nos interesa nada de lo que ustedes tengan que decir. Lo \u00fanico que nos importa es que ustedes est\u00e1n con Trump y eso es suficiente.<\/p>\n<p>Tambi\u00e9n este mensaje es para esas personas que buscan expresar su coraje o frustraci\u00f3n en contra de Trump. Entendemos su frustraci\u00f3n, pero les pedimos expresen su frustraci\u00f3n fuera de nuestro evento, esta es una actividad organizada. Cualquier persona que busque provocar un altercado f\u00edsico ser\u00e1 identificado como provocador y se le pedir\u00e1 abandone el evento.<\/p>\n<p>Habiendo aclarado estos aspectos damos la bienvenida a los anti-racistas de San Diego, al sector progresista en general, a la comunidad Mexicana en particular, unamos nuestro poder y juntos opong\u00e1monos al anti-\u00e1rabe, anti-negro, anti-mexicano, anti-mujer, hambriento de poder, neo-facista, oligarca que busca ocupar la m\u00e1xima autoridad de gobierno de EEUU.<\/p>\n<p>\u00a1Nos Vemos Pronto! Viernes, 27 de mayo,1PM. Parque Chicano<\/p><\/blockquote>\n","protected":false},"excerpt":{"rendered":"<p>\u00a1Alerta! El enemigo ha llegado a la puerta. Donald Trump tiene planeado un mitin en el Centro de Convenciones de San Diego el viernes, 27 de mayo, 2016. Uni\u00f3n del Barrio en San Diego convoca a toda persona anti-racista, a la gente progresista en general, y a la comunidad mexicana de San Diego en particular, [&hellip;]<\/p>\n","protected":false},"author":1,"featured_media":235,"parent":0,"menu_order":0,"comment_status":"closed","ping_status":"closed","template":"","meta":{"footnotes":""},"class_list":["post-231","page","type-page","status-publish","has-post-thumbnail","hentry"],"yoast_head":"<!-- This site is optimized with the Yoast SEO plugin v27.4 - https:\/\/yoast.com\/product\/yoast-seo-wordpress\/ -->\n<title>\u00a1DONALD TRUMP - FUERA DE SAN DIEGO! - UdB en espa\u00f1ol<\/title>\n<meta name=\"robots\" content=\"index, follow, max-snippet:-1, max-image-preview:large, max-video-preview:-1\" \/>\n<link rel=\"canonical\" href=\"https:\/\/uniondelbarrio.org\/esp\/donald-trump-fuera-de-san-diego\/\" \/>\n<meta property=\"og:locale\" content=\"en_US\" \/>\n<meta property=\"og:type\" content=\"article\" \/>\n<meta property=\"og:title\" content=\"\u00a1DONALD TRUMP - FUERA DE SAN DIEGO! - UdB en espa\u00f1ol\" \/>\n<meta property=\"og:description\" content=\"\u00a1Alerta! El enemigo ha llegado a la puerta. Donald Trump tiene planeado un mitin en el Centro de Convenciones de San Diego el viernes, 27 de mayo, 2016. Uni\u00f3n del Barrio en San Diego convoca a toda persona anti-racista, a la gente progresista en general, y a la comunidad mexicana de San Diego en particular, [&hellip;]\" \/>\n<meta property=\"og:url\" content=\"https:\/\/uniondelbarrio.org\/esp\/donald-trump-fuera-de-san-diego\/\" \/>\n<meta property=\"og:site_name\" content=\"UdB en espa\u00f1ol\" \/>\n<meta property=\"article:publisher\" content=\"https:\/\/www.facebook.com\/UniondelBarrio\" \/>\n<meta property=\"article:modified_time\" content=\"2016-05-27T17:27:21+00:00\" \/>\n<meta property=\"og:image\" content=\"https:\/\/uniondelbarrio.org\/esp\/wp-content\/uploads\/2016\/05\/ChaleTrump_SD2016.png\" \/>\n\t<meta property=\"og:image:width\" content=\"1596\" \/>\n\t<meta property=\"og:image:height\" content=\"1452\" \/>\n\t<meta property=\"og:image:type\" content=\"image\/png\" \/>\n<meta name=\"twitter:card\" content=\"summary_large_image\" \/>\n<meta name=\"twitter:site\" content=\"@UniondelBarrio\" \/>\n<meta name=\"twitter:label1\" content=\"Est. reading time\" \/>\n\t<meta name=\"twitter:data1\" content=\"4 minutes\" \/>\n<script type=\"application\/ld+json\" class=\"yoast-schema-graph\">{\"@context\":\"https:\\\/\\\/schema.org\",\"@graph\":[{\"@type\":\"WebPage\",\"@id\":\"https:\\\/\\\/uniondelbarrio.org\\\/esp\\\/donald-trump-fuera-de-san-diego\\\/\",\"url\":\"https:\\\/\\\/uniondelbarrio.org\\\/esp\\\/donald-trump-fuera-de-san-diego\\\/\",\"name\":\"\u00a1DONALD TRUMP - FUERA DE SAN DIEGO! - UdB en espa\u00f1ol\",\"isPartOf\":{\"@id\":\"https:\\\/\\\/uniondelbarrio.org\\\/esp\\\/#website\"},\"primaryImageOfPage\":{\"@id\":\"https:\\\/\\\/uniondelbarrio.org\\\/esp\\\/donald-trump-fuera-de-san-diego\\\/#primaryimage\"},\"image\":{\"@id\":\"https:\\\/\\\/uniondelbarrio.org\\\/esp\\\/donald-trump-fuera-de-san-diego\\\/#primaryimage\"},\"thumbnailUrl\":\"https:\\\/\\\/uniondelbarrio.org\\\/esp\\\/wp-content\\\/uploads\\\/2016\\\/05\\\/ChaleTrump_SD2016.png\",\"datePublished\":\"2016-05-21T00:49:51+00:00\",\"dateModified\":\"2016-05-27T17:27:21+00:00\",\"breadcrumb\":{\"@id\":\"https:\\\/\\\/uniondelbarrio.org\\\/esp\\\/donald-trump-fuera-de-san-diego\\\/#breadcrumb\"},\"inLanguage\":\"en-US\",\"potentialAction\":[{\"@type\":\"ReadAction\",\"target\":[\"https:\\\/\\\/uniondelbarrio.org\\\/esp\\\/donald-trump-fuera-de-san-diego\\\/\"]}]},{\"@type\":\"ImageObject\",\"inLanguage\":\"en-US\",\"@id\":\"https:\\\/\\\/uniondelbarrio.org\\\/esp\\\/donald-trump-fuera-de-san-diego\\\/#primaryimage\",\"url\":\"https:\\\/\\\/uniondelbarrio.org\\\/esp\\\/wp-content\\\/uploads\\\/2016\\\/05\\\/ChaleTrump_SD2016.png\",\"contentUrl\":\"https:\\\/\\\/uniondelbarrio.org\\\/esp\\\/wp-content\\\/uploads\\\/2016\\\/05\\\/ChaleTrump_SD2016.png\",\"width\":1596,\"height\":1452},{\"@type\":\"BreadcrumbList\",\"@id\":\"https:\\\/\\\/uniondelbarrio.org\\\/esp\\\/donald-trump-fuera-de-san-diego\\\/#breadcrumb\",\"itemListElement\":[{\"@type\":\"ListItem\",\"position\":1,\"name\":\"Home\",\"item\":\"https:\\\/\\\/uniondelbarrio.org\\\/esp\\\/\"},{\"@type\":\"ListItem\",\"position\":2,\"name\":\"\u00a1DONALD TRUMP &#8211; FUERA DE SAN DIEGO!\"}]},{\"@type\":\"WebSite\",\"@id\":\"https:\\\/\\\/uniondelbarrio.org\\\/esp\\\/#website\",\"url\":\"https:\\\/\\\/uniondelbarrio.org\\\/esp\\\/\",\"name\":\"UdB en espa\u00f1ol\",\"description\":\"Concientizaci\u00f3n, Organizaci\u00f3n, Acci\u00f3n y Liberaci\u00f3n\",\"potentialAction\":[{\"@type\":\"SearchAction\",\"target\":{\"@type\":\"EntryPoint\",\"urlTemplate\":\"https:\\\/\\\/uniondelbarrio.org\\\/esp\\\/?s={search_term_string}\"},\"query-input\":{\"@type\":\"PropertyValueSpecification\",\"valueRequired\":true,\"valueName\":\"search_term_string\"}}],\"inLanguage\":\"en-US\"}]}<\/script>\n<!-- \/ Yoast SEO plugin. -->","yoast_head_json":{"title":"\u00a1DONALD TRUMP - FUERA DE SAN DIEGO! - UdB en espa\u00f1ol","robots":{"index":"index","follow":"follow","max-snippet":"max-snippet:-1","max-image-preview":"max-image-preview:large","max-video-preview":"max-video-preview:-1"},"canonical":"https:\/\/uniondelbarrio.org\/esp\/donald-trump-fuera-de-san-diego\/","og_locale":"en_US","og_type":"article","og_title":"\u00a1DONALD TRUMP - FUERA DE SAN DIEGO! - UdB en espa\u00f1ol","og_description":"\u00a1Alerta! El enemigo ha llegado a la puerta. Donald Trump tiene planeado un mitin en el Centro de Convenciones de San Diego el viernes, 27 de mayo, 2016. Uni\u00f3n del Barrio en San Diego convoca a toda persona anti-racista, a la gente progresista en general, y a la comunidad mexicana de San Diego en particular, [&hellip;]","og_url":"https:\/\/uniondelbarrio.org\/esp\/donald-trump-fuera-de-san-diego\/","og_site_name":"UdB en espa\u00f1ol","article_publisher":"https:\/\/www.facebook.com\/UniondelBarrio","article_modified_time":"2016-05-27T17:27:21+00:00","og_image":[{"width":1596,"height":1452,"url":"https:\/\/uniondelbarrio.org\/esp\/wp-content\/uploads\/2016\/05\/ChaleTrump_SD2016.png","type":"image\/png"}],"twitter_card":"summary_large_image","twitter_site":"@UniondelBarrio","twitter_misc":{"Est. reading time":"4 minutes"},"schema":{"@context":"https:\/\/schema.org","@graph":[{"@type":"WebPage","@id":"https:\/\/uniondelbarrio.org\/esp\/donald-trump-fuera-de-san-diego\/","url":"https:\/\/uniondelbarrio.org\/esp\/donald-trump-fuera-de-san-diego\/","name":"\u00a1DONALD TRUMP - FUERA DE SAN DIEGO! - UdB en espa\u00f1ol","isPartOf":{"@id":"https:\/\/uniondelbarrio.org\/esp\/#website"},"primaryImageOfPage":{"@id":"https:\/\/uniondelbarrio.org\/esp\/donald-trump-fuera-de-san-diego\/#primaryimage"},"image":{"@id":"https:\/\/uniondelbarrio.org\/esp\/donald-trump-fuera-de-san-diego\/#primaryimage"},"thumbnailUrl":"https:\/\/uniondelbarrio.org\/esp\/wp-content\/uploads\/2016\/05\/ChaleTrump_SD2016.png","datePublished":"2016-05-21T00:49:51+00:00","dateModified":"2016-05-27T17:27:21+00:00","breadcrumb":{"@id":"https:\/\/uniondelbarrio.org\/esp\/donald-trump-fuera-de-san-diego\/#breadcrumb"},"inLanguage":"en-US","potentialAction":[{"@type":"ReadAction","target":["https:\/\/uniondelbarrio.org\/esp\/donald-trump-fuera-de-san-diego\/"]}]},{"@type":"ImageObject","inLanguage":"en-US","@id":"https:\/\/uniondelbarrio.org\/esp\/donald-trump-fuera-de-san-diego\/#primaryimage","url":"https:\/\/uniondelbarrio.org\/esp\/wp-content\/uploads\/2016\/05\/ChaleTrump_SD2016.png","contentUrl":"https:\/\/uniondelbarrio.org\/esp\/wp-content\/uploads\/2016\/05\/ChaleTrump_SD2016.png","width":1596,"height":1452},{"@type":"BreadcrumbList","@id":"https:\/\/uniondelbarrio.org\/esp\/donald-trump-fuera-de-san-diego\/#breadcrumb","itemListElement":[{"@type":"ListItem","position":1,"name":"Home","item":"https:\/\/uniondelbarrio.org\/esp\/"},{"@type":"ListItem","position":2,"name":"\u00a1DONALD TRUMP &#8211; FUERA DE SAN DIEGO!"}]},{"@type":"WebSite","@id":"https:\/\/uniondelbarrio.org\/esp\/#website","url":"https:\/\/uniondelbarrio.org\/esp\/","name":"UdB en espa\u00f1ol","description":"Concientizaci\u00f3n, Organizaci\u00f3n, Acci\u00f3n y Liberaci\u00f3n","potentialAction":[{"@type":"SearchAction","target":{"@type":"EntryPoint","urlTemplate":"https:\/\/uniondelbarrio.org\/esp\/?s={search_term_string}"},"query-input":{"@type":"PropertyValueSpecification","valueRequired":true,"valueName":"search_term_string"}}],"inLanguage":"en-US"}]}},"_links":{"self":[{"href":"https:\/\/uniondelbarrio.org\/esp\/wp-json\/wp\/v2\/pages\/231","targetHints":{"allow":["GET"]}}],"collection":[{"href":"https:\/\/uniondelbarrio.org\/esp\/wp-json\/wp\/v2\/pages"}],"about":[{"href":"https:\/\/uniondelbarrio.org\/esp\/wp-json\/wp\/v2\/types\/page"}],"author":[{"embeddable":true,"href":"https:\/\/uniondelbarrio.org\/esp\/wp-json\/wp\/v2\/users\/1"}],"replies":[{"embeddable":true,"href":"https:\/\/uniondelbarrio.org\/esp\/wp-json\/wp\/v2\/comments?post=231"}],"version-history":[{"count":29,"href":"https:\/\/uniondelbarrio.org\/esp\/wp-json\/wp\/v2\/pages\/231\/revisions"}],"predecessor-version":[{"id":265,"href":"https:\/\/uniondelbarrio.org\/esp\/wp-json\/wp\/v2\/pages\/231\/revisions\/265"}],"wp:featuredmedia":[{"embeddable":true,"href":"https:\/\/uniondelbarrio.org\/esp\/wp-json\/wp\/v2\/media\/235"}],"wp:attachment":[{"href":"https:\/\/uniondelbarrio.org\/esp\/wp-json\/wp\/v2\/media?parent=231"}],"curies":[{"name":"wp","href":"https:\/\/api.w.org\/{rel}","templated":true}]}}