{"id":549,"date":"2017-03-08T09:54:35","date_gmt":"2017-03-08T02:54:35","guid":{"rendered":"http:\/\/uniondelbarrio.org\/esp\/?page_id=549"},"modified":"2017-06-06T04:54:51","modified_gmt":"2017-06-05T21:54:51","slug":"conozca-sus-derechos-coleccion-de-informacion","status":"publish","type":"page","link":"https:\/\/uniondelbarrio.org\/esp\/luchar\/11-sectores-de-lucha-comunitaria\/fronteras-y-migracion\/conozca-sus-derechos-coleccion-de-informacion\/","title":{"rendered":"Conozca Sus Derechos: Colecci\u00f3n De Informaci\u00f3n"},"content":{"rendered":"<div class=\"page\" style=\"text-align: left;\" title=\"Page 1\"><img loading=\"lazy\" decoding=\"async\" class=\"aligncenter wp-image-569\" src=\"https:\/\/uniondelbarrio.org\/esp\/wp-content\/uploads\/2017\/03\/KyRimage_UdB-1024x659.jpg\" width=\"660\" height=\"424\" srcset=\"https:\/\/uniondelbarrio.org\/esp\/wp-content\/uploads\/2017\/03\/KyRimage_UdB-1024x659.jpg 1024w, https:\/\/uniondelbarrio.org\/esp\/wp-content\/uploads\/2017\/03\/KyRimage_UdB-300x193.jpg 300w, https:\/\/uniondelbarrio.org\/esp\/wp-content\/uploads\/2017\/03\/KyRimage_UdB-768x494.jpg 768w, https:\/\/uniondelbarrio.org\/esp\/wp-content\/uploads\/2017\/03\/KyRimage_UdB.jpg 1987w\" sizes=\"auto, (max-width: 660px) 100vw, 660px\" \/><\/div>\n<div class=\"page\" style=\"text-align: left;\" title=\"Page 1\"><\/div>\n<div class=\"page\" style=\"text-align: left;\" title=\"Page 1\">\n<hr \/>\n<p>Uni\u00f3n del Barrio se compromete a mantener actualizada esta p\u00e1gina web con la informaci\u00f3n m\u00e1s relevante para nuestras comunidades. Claro debe ser que esta informaci\u00f3n <span style=\"color: #993300;\">NO REPRESENTA NING\u00daN TIPO DE SERVICIO LEGAL<\/span>, solo se mantiene como eje de informaci\u00f3n publica que se relaciona a sus derechos.<\/p>\n<\/div>\n<div class=\"page\" style=\"text-align: left;\" title=\"Page 1\">\n<hr \/>\n<h3 style=\"text-align: center;\"><span style=\"color: #993300;\">Si Usted o Su Familia Esta En Riesgo De Una Redada, Debe Prepararse Para Cualquier Dificultad Desde Ahora:<\/span><\/h3>\n<p style=\"text-align: center;\">(Info viene de &#8220;<a href=\"http:\/\/www.maketheroadny.org\/index.php\" target=\"_blank\" rel=\"noopener noreferrer\">Make the Road New York<\/a>&#8220;)<\/p>\n<\/div>\n<ol>\n<li class=\"page\" style=\"text-align: left;\" title=\"Page 1\">Organice sus documentos importantes como:\n<ul>\n<li class=\"page\" style=\"text-align: left;\" title=\"Page 1\">Documentos personales: su pasaporte, acta de nacimiento, acta de matrimonio, acta de divorcio y las actas de nacimiento de sus hijos. Si usted tiene una condici\u00f3n m\u00e9dica o de salud mental, tambi\u00e9n mantenga esos documentos disponibles.<\/li>\n<li class=\"page\" style=\"text-align: left;\" title=\"Page 1\">Documentos de inmigraci\u00f3n: todo documento de una inmigraci\u00f3n previa, su \u201cn\u00famero A\u201d si tiene uno (un n\u00famero de identificaci\u00f3n que comienza con una \u201cA\u201d y que inmigraci\u00f3n le da si en alg\u00fan momento usted tiene un caso) y el n\u00famero y la informaci\u00f3n de contacto de todo abogado de inmigraci\u00f3n previo.<\/li>\n<li class=\"page\" style=\"text-align: left;\" title=\"Page 1\">Documentos de la corte criminal: si usted ha sido arrestado en alguna ocasi\u00f3n, aseg\u00farese de tener una copia del certificado de disposici\u00f3n para ese arresto junto con el nombre y la informaci\u00f3n de contacto de su abogado criminal.<\/li>\n<\/ul>\n<\/li>\n<li class=\"page\" style=\"text-align: left;\" title=\"Page 1\">Usted puede guardar estos documentos en una caja bajo llave en su casa. Es importante que ni usted ni ninguno de sus familiares le den su pasaporte al Servicio de Inmigraci\u00f3n y Control de Aduanas (ICE, por sus siglas en ingl\u00e9s).<\/li>\n<li class=\"page\" style=\"text-align: left;\" title=\"Page 1\">Mantenga una lista de n\u00fameros de tel\u00e9fono importantes.\n<ul>\n<li class=\"page\" style=\"text-align: left;\" title=\"Page 1\">Tenga una tarjeta peque\u00f1a en su billetera con una lista de los n\u00fameros de tel\u00e9fono importantes de familiares, previos abogados, m\u00e9dicos, etc. Incluya tambi\u00e9n la informaci\u00f3n de contacto de alguien que pueda estar en contacto directo con su futuro abogado de inmigraci\u00f3n.<\/li>\n<li class=\"page\" style=\"text-align: left;\" title=\"Page 1\">Si un abogado de inmigraci\u00f3n o un abogado criminal le ha representado en alguna ocasi\u00f3n, guarde una lista con su nombre e informaci\u00f3n de contacto.<\/li>\n<li class=\"page\" style=\"text-align: left;\" title=\"Page 1\">Tenga el nombre y el n\u00famero de su organizador y aseg\u00farese de que su familiar le llame.<\/li>\n<\/ul>\n<\/li>\n<li class=\"page\" style=\"text-align: left;\" title=\"Page 1\">Si usted tiene hijos, decida qui\u00e9n los cuidar\u00e1 en caso de que algo suceda y aseg\u00farese de que esa persona haya dado su consentimiento. Asg\u00farese de que usted tenga el n\u00famero de tel\u00e9fono de la persona en su \u201clista de n\u00fameros importantes\u201d.\u00a0A la hora de hacer arreglos para que alguien asuma responsabilidad sobre sus hijos, usted tiene tres opciones. El bienestar y el cuidado de sus hijos es importante \u2013 por lo cual usted debe pensarlo cuidadosamente antes de escoger cualquiera de las siguientes opciones y consultarlo con su abogado si ser necesario.\n<ul>\n<li class=\"page\" style=\"text-align: left;\" title=\"Page 1\">Usted puede dejar a sus ni\u00f1os informalmente con alguien en quien conf\u00ede. Ese alguien no puede tomar decisiones legales sobre sus hijos y el arreglo no le concede ninguna autoridad legal sobre sus hijos.<\/li>\n<li class=\"page\" style=\"text-align: left;\" title=\"Page 1\">Usted puede hacer arreglos con un documento de Poder de Representaci\u00f3n, que es un acuerdo temporal a trav\u00e9s del cual usted le concede al tutor algo de poder para tomar ciertas decisiones parentales en su nombre. Usted tiene que certificar este documento con un notario y debe poder llevar a cabo este proceso aun bajo detenci\u00f3n, aunque podr\u00eda ser m\u00e1s dif\u00edcil. Usted puede cancelar este arreglo en cualquier momento.<\/li>\n<li class=\"page\" style=\"text-align: left;\" title=\"Page 1\">Usted puede conceder custodia o tutela legal a un familiar o amistad de confianza. Este es un procedimiento legal mucho m\u00e1s complicado y vinculante que requiere que usted vaya a la corte familiar para obtener una orden y la\u00a0cual podr\u00eda limitar su patria potestad y podr\u00eda ser m\u00e1s dif\u00edcil de revertir una vez finalizado. Usted debe discutir esta opci\u00f3n con un abogado antes de comprometerse con dicho proceso judicial.<\/li>\n<\/ul>\n<\/li>\n<li>Para que su familia pueda cuidarle a usted, escoja a alguien de su confianza para que tome decisiones en su nombre si usted es detenido. Esa persona puede firmar un acuerdo de Poder de Representaci\u00f3n que le permitir\u00eda hacer cosas como sacar dinero de su cuenta de banco, acceder a documentos confidenciales o pagar cuentas o deudas importantes.<\/li>\n<li>Si usted tiene problemas de salud, tambi\u00e9n puede preparar una Autorizaci\u00f3n para la Divulgaci\u00f3n o el Uso de Informaci\u00f3n de Salud Protegida (Autorizaci\u00f3n HIPAA), la cual permitir\u00eda el acceso de su familiar a sus registros m\u00e9dicos.<\/li>\n<\/ol>\n<div class=\"page\" style=\"text-align: left;\" title=\"Page 1\">\n<hr \/>\n<h3 style=\"text-align: center;\"><span style=\"color: #993300;\">Si Usted o Su Familia\u00a0Es V\u00edctima\u00a0De Una Redada:<\/span><\/h3>\n<p style=\"text-align: center;\">(Info viene de &#8220;<a href=\"http:\/\/unitedwedream.org\" target=\"_blank\" rel=\"noopener noreferrer\">unitedwedream.org<\/a>&#8220;)<\/p>\n<\/div>\n<div class=\"page\" style=\"text-align: left;\" title=\"Page 1\">\n<p><a href=\"https:\/\/uniondelbarrio.org\/esp\/wp-content\/uploads\/2017\/03\/FB_IMG_1454025017664.jpg\"><img loading=\"lazy\" decoding=\"async\" class=\"aligncenter wp-image-567 size-large\" src=\"https:\/\/uniondelbarrio.org\/esp\/wp-content\/uploads\/2017\/03\/FB_IMG_1454025017664-686x1024.jpg\" width=\"640\" height=\"955\" srcset=\"https:\/\/uniondelbarrio.org\/esp\/wp-content\/uploads\/2017\/03\/FB_IMG_1454025017664-686x1024.jpg 686w, https:\/\/uniondelbarrio.org\/esp\/wp-content\/uploads\/2017\/03\/FB_IMG_1454025017664-201x300.jpg 201w, https:\/\/uniondelbarrio.org\/esp\/wp-content\/uploads\/2017\/03\/FB_IMG_1454025017664-768x1146.jpg 768w, https:\/\/uniondelbarrio.org\/esp\/wp-content\/uploads\/2017\/03\/FB_IMG_1454025017664.jpg 960w\" sizes=\"auto, (max-width: 640px) 100vw, 640px\" \/><\/a><\/p>\n<hr \/>\n<\/div>\n<div class=\"page\" style=\"text-align: left;\" title=\"Page 1\">\n<div class=\"page\" title=\"Page 1\">\n<div class=\"layoutArea\">\n<div class=\"column\">\n<h3 style=\"text-align: center;\"><span style=\"color: #993300;\">Derechos de Inmigrantes Bajo la Presidencia de Trump: <\/span><\/h3>\n<h3 style=\"text-align: center;\"><span style=\"color: #993300;\">PREGUNTAS MAS FRECUENTES PARA<\/span><br \/>\n<span style=\"color: #993300;\"> ESTUDIANTES, EDUCADORES &amp; PROVEEDORES DE SERVICIOS SOCIALES <\/span><\/h3>\n<h3 style=\"text-align: center;\"><span style=\"color: #993300;\">(<a href=\"https:\/\/uniondelbarrio.org\/esp\/wp-content\/uploads\/2017\/03\/MALDEF-FAQ-Derechos_De_Inmigrantes_Bajo_La_Presidencia_De_Trump.pdf\" target=\"_blank\" rel=\"noopener noreferrer\">Haz Clique Para Descargar Documento PDF<\/a>)<\/span><\/h3>\n<p style=\"text-align: center;\">(Info viene de &#8220;<a href=\"http:\/\/www.maldef.org\" target=\"_blank\" rel=\"noopener noreferrer\">MALDEF<\/a>&#8220;)<\/p>\n<hr \/>\n<p style=\"text-align: center;\"><a href=\"https:\/\/www.facebook.com\/arielrjsm\/videos\/689812404532106\/\" target=\"_blank\" rel=\"noopener noreferrer\"><img loading=\"lazy\" decoding=\"async\" class=\"aligncenter wp-image-636 size-large\" src=\"https:\/\/uniondelbarrio.org\/esp\/wp-content\/uploads\/2017\/03\/Screen-Shot-2017-06-05-at-2.53.22-PM-1024x582.png\" alt=\"\" width=\"640\" height=\"364\" srcset=\"https:\/\/uniondelbarrio.org\/esp\/wp-content\/uploads\/2017\/03\/Screen-Shot-2017-06-05-at-2.53.22-PM-1024x582.png 1024w, https:\/\/uniondelbarrio.org\/esp\/wp-content\/uploads\/2017\/03\/Screen-Shot-2017-06-05-at-2.53.22-PM-300x171.png 300w, https:\/\/uniondelbarrio.org\/esp\/wp-content\/uploads\/2017\/03\/Screen-Shot-2017-06-05-at-2.53.22-PM-768x437.png 768w, https:\/\/uniondelbarrio.org\/esp\/wp-content\/uploads\/2017\/03\/Screen-Shot-2017-06-05-at-2.53.22-PM.png 1404w\" sizes=\"auto, (max-width: 640px) 100vw, 640px\" \/><\/a><\/p>\n<p style=\"text-align: center;\">Video:\u00a0<a href=\"https:\/\/www.facebook.com\/arielrjsm\/videos\/689812404532106\/\" target=\"_blank\" rel=\"noopener noreferrer\">\u00bfQUE HACER SI LA MIGRA LLEGA A TU PUERTA?<\/a><\/p>\n<\/div>\n<\/div>\n<\/div>\n<\/div>\n","protected":false},"excerpt":{"rendered":"<p>Uni\u00f3n del Barrio se compromete a mantener actualizada esta p\u00e1gina web con la informaci\u00f3n m\u00e1s relevante para nuestras comunidades. Claro debe ser que esta informaci\u00f3n NO REPRESENTA NING\u00daN TIPO DE SERVICIO LEGAL, solo se mantiene como eje de informaci\u00f3n publica que se relaciona a sus derechos. Si Usted o Su Familia Esta En Riesgo De [&hellip;]<\/p>\n","protected":false},"author":1,"featured_media":0,"parent":313,"menu_order":0,"comment_status":"closed","ping_status":"closed","template":"","meta":{"footnotes":""},"class_list":["post-549","page","type-page","status-publish","hentry"],"yoast_head":"<!-- This site is optimized with the Yoast SEO plugin v27.4 - https:\/\/yoast.com\/product\/yoast-seo-wordpress\/ -->\n<title>Conozca Sus Derechos: Colecci\u00f3n De Informaci\u00f3n - UdB en espa\u00f1ol<\/title>\n<meta name=\"robots\" content=\"index, follow, max-snippet:-1, max-image-preview:large, max-video-preview:-1\" \/>\n<link rel=\"canonical\" href=\"https:\/\/uniondelbarrio.org\/esp\/luchar\/11-sectores-de-lucha-comunitaria\/fronteras-y-migracion\/conozca-sus-derechos-coleccion-de-informacion\/\" \/>\n<meta property=\"og:locale\" content=\"en_US\" \/>\n<meta property=\"og:type\" content=\"article\" \/>\n<meta property=\"og:title\" content=\"Conozca Sus Derechos: Colecci\u00f3n De Informaci\u00f3n - UdB en espa\u00f1ol\" \/>\n<meta property=\"og:description\" content=\"Uni\u00f3n del Barrio se compromete a mantener actualizada esta p\u00e1gina web con la informaci\u00f3n m\u00e1s relevante para nuestras comunidades. Claro debe ser que esta informaci\u00f3n NO REPRESENTA NING\u00daN TIPO DE SERVICIO LEGAL, solo se mantiene como eje de informaci\u00f3n publica que se relaciona a sus derechos. Si Usted o Su Familia Esta En Riesgo De [&hellip;]\" \/>\n<meta property=\"og:url\" content=\"https:\/\/uniondelbarrio.org\/esp\/luchar\/11-sectores-de-lucha-comunitaria\/fronteras-y-migracion\/conozca-sus-derechos-coleccion-de-informacion\/\" \/>\n<meta property=\"og:site_name\" content=\"UdB en espa\u00f1ol\" \/>\n<meta property=\"article:publisher\" content=\"https:\/\/www.facebook.com\/UniondelBarrio\" \/>\n<meta property=\"article:modified_time\" content=\"2017-06-05T21:54:51+00:00\" \/>\n<meta property=\"og:image\" content=\"http:\/\/uniondelbarrio.org\/esp\/wp-content\/uploads\/2017\/03\/KyRimage_UdB-1024x659.jpg\" \/>\n<meta name=\"twitter:card\" content=\"summary_large_image\" \/>\n<meta name=\"twitter:site\" content=\"@UniondelBarrio\" \/>\n<meta name=\"twitter:label1\" content=\"Est. reading time\" \/>\n\t<meta name=\"twitter:data1\" content=\"4 minutes\" \/>\n<script type=\"application\/ld+json\" class=\"yoast-schema-graph\">{\"@context\":\"https:\\\/\\\/schema.org\",\"@graph\":[{\"@type\":\"WebPage\",\"@id\":\"https:\\\/\\\/uniondelbarrio.org\\\/esp\\\/luchar\\\/11-sectores-de-lucha-comunitaria\\\/fronteras-y-migracion\\\/conozca-sus-derechos-coleccion-de-informacion\\\/\",\"url\":\"https:\\\/\\\/uniondelbarrio.org\\\/esp\\\/luchar\\\/11-sectores-de-lucha-comunitaria\\\/fronteras-y-migracion\\\/conozca-sus-derechos-coleccion-de-informacion\\\/\",\"name\":\"Conozca Sus Derechos: Colecci\u00f3n De Informaci\u00f3n - UdB en espa\u00f1ol\",\"isPartOf\":{\"@id\":\"https:\\\/\\\/uniondelbarrio.org\\\/esp\\\/#website\"},\"primaryImageOfPage\":{\"@id\":\"https:\\\/\\\/uniondelbarrio.org\\\/esp\\\/luchar\\\/11-sectores-de-lucha-comunitaria\\\/fronteras-y-migracion\\\/conozca-sus-derechos-coleccion-de-informacion\\\/#primaryimage\"},\"image\":{\"@id\":\"https:\\\/\\\/uniondelbarrio.org\\\/esp\\\/luchar\\\/11-sectores-de-lucha-comunitaria\\\/fronteras-y-migracion\\\/conozca-sus-derechos-coleccion-de-informacion\\\/#primaryimage\"},\"thumbnailUrl\":\"http:\\\/\\\/uniondelbarrio.org\\\/esp\\\/wp-content\\\/uploads\\\/2017\\\/03\\\/KyRimage_UdB-1024x659.jpg\",\"datePublished\":\"2017-03-08T02:54:35+00:00\",\"dateModified\":\"2017-06-05T21:54:51+00:00\",\"breadcrumb\":{\"@id\":\"https:\\\/\\\/uniondelbarrio.org\\\/esp\\\/luchar\\\/11-sectores-de-lucha-comunitaria\\\/fronteras-y-migracion\\\/conozca-sus-derechos-coleccion-de-informacion\\\/#breadcrumb\"},\"inLanguage\":\"en-US\",\"potentialAction\":[{\"@type\":\"ReadAction\",\"target\":[\"https:\\\/\\\/uniondelbarrio.org\\\/esp\\\/luchar\\\/11-sectores-de-lucha-comunitaria\\\/fronteras-y-migracion\\\/conozca-sus-derechos-coleccion-de-informacion\\\/\"]}]},{\"@type\":\"ImageObject\",\"inLanguage\":\"en-US\",\"@id\":\"https:\\\/\\\/uniondelbarrio.org\\\/esp\\\/luchar\\\/11-sectores-de-lucha-comunitaria\\\/fronteras-y-migracion\\\/conozca-sus-derechos-coleccion-de-informacion\\\/#primaryimage\",\"url\":\"http:\\\/\\\/uniondelbarrio.org\\\/esp\\\/wp-content\\\/uploads\\\/2017\\\/03\\\/KyRimage_UdB-1024x659.jpg\",\"contentUrl\":\"http:\\\/\\\/uniondelbarrio.org\\\/esp\\\/wp-content\\\/uploads\\\/2017\\\/03\\\/KyRimage_UdB-1024x659.jpg\"},{\"@type\":\"BreadcrumbList\",\"@id\":\"https:\\\/\\\/uniondelbarrio.org\\\/esp\\\/luchar\\\/11-sectores-de-lucha-comunitaria\\\/fronteras-y-migracion\\\/conozca-sus-derechos-coleccion-de-informacion\\\/#breadcrumb\",\"itemListElement\":[{\"@type\":\"ListItem\",\"position\":1,\"name\":\"Home\",\"item\":\"https:\\\/\\\/uniondelbarrio.org\\\/esp\\\/\"},{\"@type\":\"ListItem\",\"position\":2,\"name\":\"Luchar\",\"item\":\"https:\\\/\\\/uniondelbarrio.org\\\/esp\\\/luchar\\\/\"},{\"@type\":\"ListItem\",\"position\":3,\"name\":\"11 Sectores de Lucha Comunitaria\",\"item\":\"https:\\\/\\\/uniondelbarrio.org\\\/esp\\\/luchar\\\/11-sectores-de-lucha-comunitaria\\\/\"},{\"@type\":\"ListItem\",\"position\":4,\"name\":\"La Lucha Fronteriza Y La Migraci\u00f3n\",\"item\":\"https:\\\/\\\/uniondelbarrio.org\\\/esp\\\/luchar\\\/11-sectores-de-lucha-comunitaria\\\/fronteras-y-migracion\\\/\"},{\"@type\":\"ListItem\",\"position\":5,\"name\":\"Conozca Sus Derechos: Colecci\u00f3n De Informaci\u00f3n\"}]},{\"@type\":\"WebSite\",\"@id\":\"https:\\\/\\\/uniondelbarrio.org\\\/esp\\\/#website\",\"url\":\"https:\\\/\\\/uniondelbarrio.org\\\/esp\\\/\",\"name\":\"UdB en espa\u00f1ol\",\"description\":\"Concientizaci\u00f3n, Organizaci\u00f3n, Acci\u00f3n y Liberaci\u00f3n\",\"potentialAction\":[{\"@type\":\"SearchAction\",\"target\":{\"@type\":\"EntryPoint\",\"urlTemplate\":\"https:\\\/\\\/uniondelbarrio.org\\\/esp\\\/?s={search_term_string}\"},\"query-input\":{\"@type\":\"PropertyValueSpecification\",\"valueRequired\":true,\"valueName\":\"search_term_string\"}}],\"inLanguage\":\"en-US\"}]}<\/script>\n<!-- \/ Yoast SEO plugin. -->","yoast_head_json":{"title":"Conozca Sus Derechos: Colecci\u00f3n De Informaci\u00f3n - UdB en espa\u00f1ol","robots":{"index":"index","follow":"follow","max-snippet":"max-snippet:-1","max-image-preview":"max-image-preview:large","max-video-preview":"max-video-preview:-1"},"canonical":"https:\/\/uniondelbarrio.org\/esp\/luchar\/11-sectores-de-lucha-comunitaria\/fronteras-y-migracion\/conozca-sus-derechos-coleccion-de-informacion\/","og_locale":"en_US","og_type":"article","og_title":"Conozca Sus Derechos: Colecci\u00f3n De Informaci\u00f3n - UdB en espa\u00f1ol","og_description":"Uni\u00f3n del Barrio se compromete a mantener actualizada esta p\u00e1gina web con la informaci\u00f3n m\u00e1s relevante para nuestras comunidades. Claro debe ser que esta informaci\u00f3n NO REPRESENTA NING\u00daN TIPO DE SERVICIO LEGAL, solo se mantiene como eje de informaci\u00f3n publica que se relaciona a sus derechos. Si Usted o Su Familia Esta En Riesgo De [&hellip;]","og_url":"https:\/\/uniondelbarrio.org\/esp\/luchar\/11-sectores-de-lucha-comunitaria\/fronteras-y-migracion\/conozca-sus-derechos-coleccion-de-informacion\/","og_site_name":"UdB en espa\u00f1ol","article_publisher":"https:\/\/www.facebook.com\/UniondelBarrio","article_modified_time":"2017-06-05T21:54:51+00:00","og_image":[{"url":"http:\/\/uniondelbarrio.org\/esp\/wp-content\/uploads\/2017\/03\/KyRimage_UdB-1024x659.jpg","type":"","width":"","height":""}],"twitter_card":"summary_large_image","twitter_site":"@UniondelBarrio","twitter_misc":{"Est. reading time":"4 minutes"},"schema":{"@context":"https:\/\/schema.org","@graph":[{"@type":"WebPage","@id":"https:\/\/uniondelbarrio.org\/esp\/luchar\/11-sectores-de-lucha-comunitaria\/fronteras-y-migracion\/conozca-sus-derechos-coleccion-de-informacion\/","url":"https:\/\/uniondelbarrio.org\/esp\/luchar\/11-sectores-de-lucha-comunitaria\/fronteras-y-migracion\/conozca-sus-derechos-coleccion-de-informacion\/","name":"Conozca Sus Derechos: Colecci\u00f3n De Informaci\u00f3n - UdB en espa\u00f1ol","isPartOf":{"@id":"https:\/\/uniondelbarrio.org\/esp\/#website"},"primaryImageOfPage":{"@id":"https:\/\/uniondelbarrio.org\/esp\/luchar\/11-sectores-de-lucha-comunitaria\/fronteras-y-migracion\/conozca-sus-derechos-coleccion-de-informacion\/#primaryimage"},"image":{"@id":"https:\/\/uniondelbarrio.org\/esp\/luchar\/11-sectores-de-lucha-comunitaria\/fronteras-y-migracion\/conozca-sus-derechos-coleccion-de-informacion\/#primaryimage"},"thumbnailUrl":"http:\/\/uniondelbarrio.org\/esp\/wp-content\/uploads\/2017\/03\/KyRimage_UdB-1024x659.jpg","datePublished":"2017-03-08T02:54:35+00:00","dateModified":"2017-06-05T21:54:51+00:00","breadcrumb":{"@id":"https:\/\/uniondelbarrio.org\/esp\/luchar\/11-sectores-de-lucha-comunitaria\/fronteras-y-migracion\/conozca-sus-derechos-coleccion-de-informacion\/#breadcrumb"},"inLanguage":"en-US","potentialAction":[{"@type":"ReadAction","target":["https:\/\/uniondelbarrio.org\/esp\/luchar\/11-sectores-de-lucha-comunitaria\/fronteras-y-migracion\/conozca-sus-derechos-coleccion-de-informacion\/"]}]},{"@type":"ImageObject","inLanguage":"en-US","@id":"https:\/\/uniondelbarrio.org\/esp\/luchar\/11-sectores-de-lucha-comunitaria\/fronteras-y-migracion\/conozca-sus-derechos-coleccion-de-informacion\/#primaryimage","url":"http:\/\/uniondelbarrio.org\/esp\/wp-content\/uploads\/2017\/03\/KyRimage_UdB-1024x659.jpg","contentUrl":"http:\/\/uniondelbarrio.org\/esp\/wp-content\/uploads\/2017\/03\/KyRimage_UdB-1024x659.jpg"},{"@type":"BreadcrumbList","@id":"https:\/\/uniondelbarrio.org\/esp\/luchar\/11-sectores-de-lucha-comunitaria\/fronteras-y-migracion\/conozca-sus-derechos-coleccion-de-informacion\/#breadcrumb","itemListElement":[{"@type":"ListItem","position":1,"name":"Home","item":"https:\/\/uniondelbarrio.org\/esp\/"},{"@type":"ListItem","position":2,"name":"Luchar","item":"https:\/\/uniondelbarrio.org\/esp\/luchar\/"},{"@type":"ListItem","position":3,"name":"11 Sectores de Lucha Comunitaria","item":"https:\/\/uniondelbarrio.org\/esp\/luchar\/11-sectores-de-lucha-comunitaria\/"},{"@type":"ListItem","position":4,"name":"La Lucha Fronteriza Y La Migraci\u00f3n","item":"https:\/\/uniondelbarrio.org\/esp\/luchar\/11-sectores-de-lucha-comunitaria\/fronteras-y-migracion\/"},{"@type":"ListItem","position":5,"name":"Conozca Sus Derechos: Colecci\u00f3n De Informaci\u00f3n"}]},{"@type":"WebSite","@id":"https:\/\/uniondelbarrio.org\/esp\/#website","url":"https:\/\/uniondelbarrio.org\/esp\/","name":"UdB en espa\u00f1ol","description":"Concientizaci\u00f3n, Organizaci\u00f3n, Acci\u00f3n y Liberaci\u00f3n","potentialAction":[{"@type":"SearchAction","target":{"@type":"EntryPoint","urlTemplate":"https:\/\/uniondelbarrio.org\/esp\/?s={search_term_string}"},"query-input":{"@type":"PropertyValueSpecification","valueRequired":true,"valueName":"search_term_string"}}],"inLanguage":"en-US"}]}},"_links":{"self":[{"href":"https:\/\/uniondelbarrio.org\/esp\/wp-json\/wp\/v2\/pages\/549","targetHints":{"allow":["GET"]}}],"collection":[{"href":"https:\/\/uniondelbarrio.org\/esp\/wp-json\/wp\/v2\/pages"}],"about":[{"href":"https:\/\/uniondelbarrio.org\/esp\/wp-json\/wp\/v2\/types\/page"}],"author":[{"embeddable":true,"href":"https:\/\/uniondelbarrio.org\/esp\/wp-json\/wp\/v2\/users\/1"}],"replies":[{"embeddable":true,"href":"https:\/\/uniondelbarrio.org\/esp\/wp-json\/wp\/v2\/comments?post=549"}],"version-history":[{"count":15,"href":"https:\/\/uniondelbarrio.org\/esp\/wp-json\/wp\/v2\/pages\/549\/revisions"}],"predecessor-version":[{"id":637,"href":"https:\/\/uniondelbarrio.org\/esp\/wp-json\/wp\/v2\/pages\/549\/revisions\/637"}],"up":[{"embeddable":true,"href":"https:\/\/uniondelbarrio.org\/esp\/wp-json\/wp\/v2\/pages\/313"}],"wp:attachment":[{"href":"https:\/\/uniondelbarrio.org\/esp\/wp-json\/wp\/v2\/media?parent=549"}],"curies":[{"name":"wp","href":"https:\/\/api.w.org\/{rel}","templated":true}]}}