{"id":552,"date":"2017-03-06T23:46:59","date_gmt":"2017-03-06T16:46:59","guid":{"rendered":"http:\/\/uniondelbarrio.org\/esp\/?page_id=552"},"modified":"2017-03-06T23:46:59","modified_gmt":"2017-03-06T16:46:59","slug":"gladys-marin-millie-presente","status":"publish","type":"page","link":"https:\/\/uniondelbarrio.org\/esp\/gladys-marin-millie-presente\/","title":{"rendered":"Gladys Mar\u00edn Millie &#8211; \u00a1Presente!"},"content":{"rendered":"<p><em>Nota del editor, Uni\u00f3n del Barrio: Este comunicado fue\u00a0escrito y difundido por el Partido Comunista de Chile. Lo publicamos en su totalidad.<\/em><\/p>\n<hr \/>\n<p><span style=\"color: #993300;\"><strong>COMUNICADO SOBRE EL FALLECIMIENTO DE GLADYS MARIN MILLIE<\/strong><\/span><\/p>\n<p><img loading=\"lazy\" decoding=\"async\" class=\"aligncenter wp-image-555\" src=\"https:\/\/uniondelbarrio.org\/esp\/wp-content\/uploads\/2017\/03\/gladys_marin-225x300.jpg\" width=\"300\" height=\"400\" srcset=\"https:\/\/uniondelbarrio.org\/esp\/wp-content\/uploads\/2017\/03\/gladys_marin-225x300.jpg 225w, https:\/\/uniondelbarrio.org\/esp\/wp-content\/uploads\/2017\/03\/gladys_marin.jpg 443w\" sizes=\"auto, (max-width: 300px) 100vw, 300px\" \/><\/p>\n<p>Santiago de Chile, 6 marzo 2005.<\/p>\n<p>Con profundo dolor, debemos comunicar que a la 1:00 de la madrugada de hoy, 6 de marzo de 2005, pocas horas despu\u00e9s debemos comunicar que a la 1:00 de la madrugada de hoy, 6 de marzo de 2005, pocas horas despu\u00e9s de entrar en estado de coma, ha fallecido nuestra muy querida compa\u00f1era Gladys Mar\u00edn Millie, Presidenta de nuestro partido. Durante casi un a\u00f1o y medio, ella libr\u00f3 una dura batalla por superar el c\u00e1ncer que la afectaba.<\/p>\n<p>Con gran entereza, Gladys nos conmovi\u00f3 con su ejemplo de lucha y nos hizo part\u00edcipes de su confianza, su esperanza y convicci\u00f3n de que el ideal pol\u00edtico y social que alent\u00f3 su vida, se har\u00e1 realidad en un futuro no lejano sostenido por los trabajadores, las mujeres y los j\u00f3venes de nuestra patria.<\/p>\n<p>Gladys naci\u00f3 en Curepto, una localidad agraria de la Regi\u00f3n del Maule, hija de Adriana, profesora, y Heraclio, campesino. Estudi\u00f3 en la Escuela Normal No.2, egresando como profesora b\u00e1sica con menci\u00f3n en Educaci\u00f3n Diferencial. Casada con el Ingeniero Jorge Mu\u00f1oz, tuvo dos hijos Rodrigo y Alvaro.<\/p>\n<p>Su natural rebeld\u00eda la llev\u00f3 desde muy joven a tomar partido por los m\u00e1s humildes, participando activamente en campa\u00f1as de alfabetizaci\u00f3n en sectores poblacionales del Gran Santiago. Fue presidenta de la Federaci\u00f3n de Estudiantes Normalistas y, m\u00e1s tarde, dirigenta de la Uni\u00f3n de Profesores de Chile.<\/p>\n<p><a href=\"https:\/\/uniondelbarrio.org\/esp\/wp-content\/uploads\/2017\/03\/Screen-Shot-2017-03-06-at-7.48.17-AM.png\"><img loading=\"lazy\" decoding=\"async\" class=\"alignright wp-image-556\" src=\"https:\/\/uniondelbarrio.org\/esp\/wp-content\/uploads\/2017\/03\/Screen-Shot-2017-03-06-at-7.48.17-AM.png\" width=\"375\" height=\"587\" srcset=\"https:\/\/uniondelbarrio.org\/esp\/wp-content\/uploads\/2017\/03\/Screen-Shot-2017-03-06-at-7.48.17-AM.png 1146w, https:\/\/uniondelbarrio.org\/esp\/wp-content\/uploads\/2017\/03\/Screen-Shot-2017-03-06-at-7.48.17-AM-192x300.png 192w, https:\/\/uniondelbarrio.org\/esp\/wp-content\/uploads\/2017\/03\/Screen-Shot-2017-03-06-at-7.48.17-AM-768x1202.png 768w, https:\/\/uniondelbarrio.org\/esp\/wp-content\/uploads\/2017\/03\/Screen-Shot-2017-03-06-at-7.48.17-AM-654x1024.png 654w\" sizes=\"auto, (max-width: 375px) 100vw, 375px\" \/><\/a>A los 16 a\u00f1os de Edad, ingres\u00f3 a las Juventudes Comunistas de la que lleg\u00f3 a ser Secretaria General. En esa condici\u00f3n, integr\u00f3 la Direcci\u00f3n del Comando Juvenil de la Campa\u00f1a Presidencial de Salvador Allende en 1964, campa\u00f1a en que dio un significativo impulso a las actividades culturales de los sectores populares, d\u00e1ndose origen al movimiento muralista juvenil, la creaci\u00f3n del hist\u00f3rico movimiento de la Nueva Canci\u00f3n Chilena y a las campa\u00f1as de trabajos voluntarios a lo largo de todo el pa\u00eds. Esas actividades alcanzar\u00edan su m\u00e1xima expresi\u00f3n durante el Gobierno Popular de Salvador Allende.<\/p>\n<p>El a\u00f1o 1965, es elegida diputada por el Segundo Distrito de Santiago. Fue reelecta al Parlamento los a\u00f1os 1969 y 1973.<\/p>\n<p>Como Secretaria General de las Juventudes Comunistas, desempe\u00f1\u00f3 un destacado papel en la organizaci\u00f3n de las grandes marchas, de Valpara\u00edso a Santiago, en solidaridad con Vietnam.<\/p>\n<p>La contribuci\u00f3n de Gladys fue de gran importancia en el Comando Juvenil de la Campa\u00f1a Presidencial de 1970, que culmin\u00f3 con la elecci\u00f3n de Salvador Allende a la Presidencia de Chile; y luego, durante los mil d\u00edas del Gobierno Popular, en las m\u00faltiples formas de participaci\u00f3n en la gesti\u00f3n de gobierno y en la creaci\u00f3n de un movimiento de Voluntarios por la Patria de car\u00e1cter cultural, amplio, plural, diverso y masivo, \u00fanico en nuestra historia.<\/p>\n<p>En agosto de 1973, Gladys asiste al Festival Mundial de la Juventud y los Estudiantes, celebrado en Berl\u00edn, en el que desarrolla una gran labor denunciando la intromisi\u00f3n norteamericana en Chile, que creaba las condiciones para el golpe militar que se hizo efectivo el 11 de septiembre de 1973. Gladys regres\u00f3 al pa\u00eds dos d\u00edas antes de que se iniciara esta tragedia para nuestro pueblo.<\/p>\n<p>El Bando Militar No. 10 pone a Gladys entre las 100 personas m\u00e1s buscadas por la Junta Militar, y la conmina a entregarse antes de las 16:30 horas del mismo d\u00eda 11 de septiembre. Por instrucciones de la direcci\u00f3n del partido<strong>\u00a0<\/strong>debe asilarse en la Embajada de Holanda y en 1974 sale al exilio, para dedicarse \u00edntegramente a denunciar los cr\u00edmenes de la dictadura y a colaborar en la construcci\u00f3n del vasto movimiento de solidaridad con nuestro pueblo y sus luchas desplegado en todo el mundo. En ese marco, testifica ante la Tercera Sesi\u00f3n de la Comisi\u00f3n Internacional de Investigaci\u00f3n de los Cr\u00edmenes de la Junta Militar en Chile, realizada en ciudad de M\u00e9xico en febrero de 1975.<\/p>\n<p>Encontr\u00e1ndose en el exilio, recibi\u00f3 la noticia de la detenci\u00f3n por la DINA, en mayo de 1976, de su esposo Jorge Mu\u00f1oz Poutays, que a\u00fan se encuentra desaparecido junto a otros integrantes de la Direcci\u00f3n clandestina del Partido Comunista, detenidos junto a \u00e9l, en lo que se conoce como \u201cCaso Calle Conferencia\u201d.<\/p>\n<p>El a\u00f1o 1978, Gladys regresa clandestinamente al pa\u00eds, donde le correspondi\u00f3 la dif\u00edcil tarea de dirigir el Equipo de Direcci\u00f3n Interior del Partido Comunista hasta<strong>\u00a0<\/strong>que comenz\u00f3 a funcionar nuevamente en el pa\u00eds, el a\u00f1o 1984, su Comisi\u00f3n Pol\u00edtica, en la que<strong>\u00a0<\/strong>continu\u00f3 jugando un importante papel, manteni\u00e9ndose en la mas estricta clandestinidad.<\/p>\n<p>En 1994 es elegida Secretaria General del Partido Comunista.<\/p>\n<p>Un hito hist\u00f3rico en la lucha por la Verdad y Justicia en la causa de los Derechos Humanos, es protagonizado por nuestra compa\u00f1era cuando, el 12 de enero de 1998, presenta la primera querella contra Augusto Pinochet, por ese entonces todav\u00eda Comandante en Jefe del Ej\u00e9rcito. Ser\u00eda el comienzo de una larga serie de querellas que a\u00fan hoy enfrenta el dictador.<\/p>\n<p>A fines de 1998, Gladys es proclamada candidata a la Presidencia de la Rep\u00fablica en representaci\u00f3n de la izquierda, con el objetivo principal de impulsar el proceso de construcci\u00f3n de una alternativa antineoliberal, lo que se constituy\u00f3 en un valioso precedente de lo que hoy es, en nuevas condiciones, el Poder Democr\u00e1tico y Social (PODEMOS) y la amplia unidad con otras organizaciones pol\u00edticas, alternativas al neoliberalismo.<\/p>\n<p>El Comit\u00e9 Central, elegido por el XXII Congreso Nacional del Partido Comunista, celebrado en noviembre de 2002, la elige Presidenta del Partido.<\/p>\n<p>Al cumplirse 30 a\u00f1os del golpe militar, el 11 de septiembre de 2003, pronuncia Gladys un discurso de gran relevancia en el multitudinario Acto de Homenaje a Salvador Allende, realizado en la Plaza de la Constituci\u00f3n, frente a la Moneda, por diversas fuerzas de la izquierda extraparlamentaria chilena y delegaciones de diversos pa\u00edses. Recibi\u00f3 en esa oportunidad el reconocimiento por su valor y consecuencia como luchadora incansable por la democracia y la justicia social, que siempre entreg\u00f3 su activa contribuci\u00f3n a la construcci\u00f3n de la nueva alternativa al sistema neoliberal que a sangre y fuego impuso la dictadura en contra del pueblo de Chile.<\/p>\n<p>Ese mismo mes se le detecta un tumor cerebral maligno. Se traslada a Suecia, donde es operada por el Dr. Inti Peredo, y posteriormente a Cuba para continuar su tratamiento. All\u00ed es acogida fraternalmente por el gobierno y el Partido Comunista cubanos, con una especial preocupaci\u00f3n del propio Presidente Fidel Castro, quedando su tratamiento a cargo del Dr. Javier Figueredo.<\/p>\n<p><img loading=\"lazy\" decoding=\"async\" class=\"alignleft size-full wp-image-561\" src=\"https:\/\/uniondelbarrio.org\/esp\/wp-content\/uploads\/2017\/03\/110631_GladysMarin.jpg\" alt=\"\" width=\"230\" height=\"275\" \/>La enfermedad de Gladys despert\u00f3 una extraordinaria cadena de solidaridad, que se extiende, m\u00e1s all\u00e1 de nuestro pa\u00eds, a muchos rincones del planeta. Con una gran emoci\u00f3n agradecemos cada una de las muestras de esa solidaridad manifestada por altos personeros de gobiernos, partidos pol\u00edticos, organizaciones sociales, sindicales y culturales, y miles y miles de personas de la m\u00e1s diversa condici\u00f3n social, especialmente los m\u00e1s humildes de nuestro pueblo.<\/p>\n<p>Fue un momento muy alto de esa solidaridad, el acto de homenaje que, contando con su presencia durante uno de sus viajes de regreso al pa\u00eds, se le ofreci\u00f3 en el recinto de la Estaci\u00f3n Mapocho, el 14 de Marzo del 2004, ocasi\u00f3n natural para que se expresara tambi\u00e9n la solidaridad con los pueblos de Irak y Palestina, agredidos por el imperialismo norteamericano, la adhesi\u00f3n a Cuba y Venezuela y la reafirmaci\u00f3n del compromiso de luchar por la Paz, causa, esta \u00faltima, que Gladys abraz\u00f3 con fervor a lo largo de su vida y que motiv\u00f3 que fuera una de las tres mujeres chilenas seleccionadas por diversas organizaciones sociales, entre ellas la CUT, para ser nominada entre las mil mujeres para las cuales se est\u00e1 solicitando, a nivel mundial, el Premio Nobel de la Paz.<\/p>\n<p>La vida de Gladys Mar\u00edn transcurri\u00f3 en medio de su pueblo. La admiraci\u00f3n hacia su figura encontr\u00f3 un fundamento en su actitud de permanente identificaci\u00f3n con las luchas, aspiraciones, necesidades y dolores de los trabajadores, las mujeres, los j\u00f3venes, los pueblos originarios, la diversidad sexual.<\/p>\n<p>Su acendrado internacionalismo fue reconocido por pueblos hermanos. El Consejo de Estado de Cuba le otorg\u00f3 la Condecoraci\u00f3n Jos\u00e9 Mart\u00ed, y el Movimiento Sandinista la Medalla Augusto C\u00e9sar Sandino, las m\u00e1s altas distinciones que otorgan esa naci\u00f3n y ese movimiento pol\u00edtico hermano, destacan la consecuencia de su pensamiento y acci\u00f3n en el campo de las relaciones entre las naciones y los pueblos en lucha por su independencia y soberan\u00eda y por una vida mejor.<\/p>\n<p>La contribuci\u00f3n de Gladys Mar\u00edn a la unidad de la izquierda, al papel principal de los trabajadores en la vida social, as\u00ed como a la conformaci\u00f3n de la m\u00e1s amplia unidad antineoliberal, conforman una herencia que los comunistas mantendremos sin desviarnos jam\u00e1s del camino trazado por su ejemplo, que en parte se encuentra plasmado en<\/p>\n<p>su legado intelectual, del que debemos destacar la edici\u00f3n de sus libros \u201cRegreso a la Esperanza\u201d (sobre la operaci\u00f3n c\u00f3ndor), \u201cChiapas, vuela lejos tu pensamiento\u201d, \u201cEl Poder de desafiar el poder\u201d, \u201cLa vida es hoy\u201d.<\/p>\n<p>Al entregarle, hace pocas semanas, la Medalla Luis Emilio Recabarren, la m\u00e1s alta distinci\u00f3n del Partido que fundara el Padre de la clase obrera chilena, y que fuera recibida por uno de sus hijos, exaltamos el papel determinante que jug\u00f3 en la vida de nuestro Partido y de nuestro pueblo.<\/p>\n<p>A sus ejemplares hijos, Rodrigo y Alvaro, a sus nietas, a su madre, a sus hermanas, a su actual compa\u00f1ero, a toda su familia, nuestra sincera solidaridad y afecto. Ellos han sido el m\u00e1s valioso apoyo en esta dura etapa final de su vida.<\/p>\n<p>Al anunciar el doloroso desenlace de la enfermedad que aquej\u00f3 a nuestra inolvidable compa\u00f1era Gladys Mar\u00edn, tenemos la certeza de que su figura ya no pertenece s\u00f3lo a quienes militamos en las filas de su Partido. As\u00ed lo entendemos y as\u00ed procedemos al convocar a los justos homenajes y expresiones de admiraci\u00f3n y cari\u00f1o que se inician desde hoy, a las 10 horas en el Sal\u00f3n de Honor del ex Congreso Nacional.<\/p>\n<p>Con Gladys \u00a1Mil Veces Venceremos!<\/p>\n<p>Comit\u00e9 Central del Partido Comunista de Chile<\/p>\n<hr \/>\n<p><img loading=\"lazy\" decoding=\"async\" class=\"aligncenter size-full wp-image-558\" src=\"https:\/\/uniondelbarrio.org\/esp\/wp-content\/uploads\/2017\/03\/GladysMarin.jpg\" alt=\"\" width=\"300\" height=\"427\" srcset=\"https:\/\/uniondelbarrio.org\/esp\/wp-content\/uploads\/2017\/03\/GladysMarin.jpg 300w, https:\/\/uniondelbarrio.org\/esp\/wp-content\/uploads\/2017\/03\/GladysMarin-211x300.jpg 211w\" sizes=\"auto, (max-width: 300px) 100vw, 300px\" \/><\/p>\n","protected":false},"excerpt":{"rendered":"<p>Nota del editor, Uni\u00f3n del Barrio: Este comunicado fue\u00a0escrito y difundido por el Partido Comunista de Chile. Lo publicamos en su totalidad. COMUNICADO SOBRE EL FALLECIMIENTO DE GLADYS MARIN MILLIE Santiago de Chile, 6 marzo 2005. Con profundo dolor, debemos comunicar que a la 1:00 de la madrugada de hoy, 6 de marzo de 2005, [&hellip;]<\/p>\n","protected":false},"author":1,"featured_media":555,"parent":0,"menu_order":0,"comment_status":"closed","ping_status":"closed","template":"","meta":{"footnotes":""},"class_list":["post-552","page","type-page","status-publish","has-post-thumbnail","hentry"],"yoast_head":"<!-- This site is optimized with the Yoast SEO plugin v27.5 - https:\/\/yoast.com\/product\/yoast-seo-wordpress\/ -->\n<title>Gladys Mar\u00edn Millie - \u00a1Presente! - UdB en espa\u00f1ol<\/title>\n<meta name=\"robots\" content=\"index, follow, max-snippet:-1, max-image-preview:large, max-video-preview:-1\" \/>\n<link rel=\"canonical\" href=\"https:\/\/uniondelbarrio.org\/esp\/gladys-marin-millie-presente\/\" \/>\n<meta property=\"og:locale\" content=\"en_US\" \/>\n<meta property=\"og:type\" content=\"article\" \/>\n<meta property=\"og:title\" content=\"Gladys Mar\u00edn Millie - \u00a1Presente! - UdB en espa\u00f1ol\" \/>\n<meta property=\"og:description\" content=\"Nota del editor, Uni\u00f3n del Barrio: Este comunicado fue\u00a0escrito y difundido por el Partido Comunista de Chile. Lo publicamos en su totalidad. COMUNICADO SOBRE EL FALLECIMIENTO DE GLADYS MARIN MILLIE Santiago de Chile, 6 marzo 2005. Con profundo dolor, debemos comunicar que a la 1:00 de la madrugada de hoy, 6 de marzo de 2005, [&hellip;]\" \/>\n<meta property=\"og:url\" content=\"https:\/\/uniondelbarrio.org\/esp\/gladys-marin-millie-presente\/\" \/>\n<meta property=\"og:site_name\" content=\"UdB en espa\u00f1ol\" \/>\n<meta property=\"article:publisher\" content=\"https:\/\/www.facebook.com\/UniondelBarrio\" \/>\n<meta property=\"og:image\" content=\"https:\/\/uniondelbarrio.org\/esp\/wp-content\/uploads\/2017\/03\/gladys_marin.jpg\" \/>\n\t<meta property=\"og:image:width\" content=\"443\" \/>\n\t<meta property=\"og:image:height\" content=\"590\" \/>\n\t<meta property=\"og:image:type\" content=\"image\/jpeg\" \/>\n<meta name=\"twitter:card\" content=\"summary_large_image\" \/>\n<meta name=\"twitter:site\" content=\"@UniondelBarrio\" \/>\n<meta name=\"twitter:label1\" content=\"Est. reading time\" \/>\n\t<meta name=\"twitter:data1\" content=\"9 minutes\" \/>\n<script type=\"application\/ld+json\" class=\"yoast-schema-graph\">{\"@context\":\"https:\\\/\\\/schema.org\",\"@graph\":[{\"@type\":\"WebPage\",\"@id\":\"https:\\\/\\\/uniondelbarrio.org\\\/esp\\\/gladys-marin-millie-presente\\\/\",\"url\":\"https:\\\/\\\/uniondelbarrio.org\\\/esp\\\/gladys-marin-millie-presente\\\/\",\"name\":\"Gladys Mar\u00edn Millie - \u00a1Presente! - UdB en espa\u00f1ol\",\"isPartOf\":{\"@id\":\"https:\\\/\\\/uniondelbarrio.org\\\/esp\\\/#website\"},\"primaryImageOfPage\":{\"@id\":\"https:\\\/\\\/uniondelbarrio.org\\\/esp\\\/gladys-marin-millie-presente\\\/#primaryimage\"},\"image\":{\"@id\":\"https:\\\/\\\/uniondelbarrio.org\\\/esp\\\/gladys-marin-millie-presente\\\/#primaryimage\"},\"thumbnailUrl\":\"https:\\\/\\\/uniondelbarrio.org\\\/esp\\\/wp-content\\\/uploads\\\/2017\\\/03\\\/gladys_marin.jpg\",\"datePublished\":\"2017-03-06T16:46:59+00:00\",\"breadcrumb\":{\"@id\":\"https:\\\/\\\/uniondelbarrio.org\\\/esp\\\/gladys-marin-millie-presente\\\/#breadcrumb\"},\"inLanguage\":\"en-US\",\"potentialAction\":[{\"@type\":\"ReadAction\",\"target\":[\"https:\\\/\\\/uniondelbarrio.org\\\/esp\\\/gladys-marin-millie-presente\\\/\"]}]},{\"@type\":\"ImageObject\",\"inLanguage\":\"en-US\",\"@id\":\"https:\\\/\\\/uniondelbarrio.org\\\/esp\\\/gladys-marin-millie-presente\\\/#primaryimage\",\"url\":\"https:\\\/\\\/uniondelbarrio.org\\\/esp\\\/wp-content\\\/uploads\\\/2017\\\/03\\\/gladys_marin.jpg\",\"contentUrl\":\"https:\\\/\\\/uniondelbarrio.org\\\/esp\\\/wp-content\\\/uploads\\\/2017\\\/03\\\/gladys_marin.jpg\",\"width\":443,\"height\":590},{\"@type\":\"BreadcrumbList\",\"@id\":\"https:\\\/\\\/uniondelbarrio.org\\\/esp\\\/gladys-marin-millie-presente\\\/#breadcrumb\",\"itemListElement\":[{\"@type\":\"ListItem\",\"position\":1,\"name\":\"Home\",\"item\":\"https:\\\/\\\/uniondelbarrio.org\\\/esp\\\/\"},{\"@type\":\"ListItem\",\"position\":2,\"name\":\"Gladys Mar\u00edn Millie &#8211; \u00a1Presente!\"}]},{\"@type\":\"WebSite\",\"@id\":\"https:\\\/\\\/uniondelbarrio.org\\\/esp\\\/#website\",\"url\":\"https:\\\/\\\/uniondelbarrio.org\\\/esp\\\/\",\"name\":\"UdB en espa\u00f1ol\",\"description\":\"Concientizaci\u00f3n, Organizaci\u00f3n, Acci\u00f3n y Liberaci\u00f3n\",\"potentialAction\":[{\"@type\":\"SearchAction\",\"target\":{\"@type\":\"EntryPoint\",\"urlTemplate\":\"https:\\\/\\\/uniondelbarrio.org\\\/esp\\\/?s={search_term_string}\"},\"query-input\":{\"@type\":\"PropertyValueSpecification\",\"valueRequired\":true,\"valueName\":\"search_term_string\"}}],\"inLanguage\":\"en-US\"}]}<\/script>\n<!-- \/ Yoast SEO plugin. -->","yoast_head_json":{"title":"Gladys Mar\u00edn Millie - \u00a1Presente! - UdB en espa\u00f1ol","robots":{"index":"index","follow":"follow","max-snippet":"max-snippet:-1","max-image-preview":"max-image-preview:large","max-video-preview":"max-video-preview:-1"},"canonical":"https:\/\/uniondelbarrio.org\/esp\/gladys-marin-millie-presente\/","og_locale":"en_US","og_type":"article","og_title":"Gladys Mar\u00edn Millie - \u00a1Presente! - UdB en espa\u00f1ol","og_description":"Nota del editor, Uni\u00f3n del Barrio: Este comunicado fue\u00a0escrito y difundido por el Partido Comunista de Chile. Lo publicamos en su totalidad. COMUNICADO SOBRE EL FALLECIMIENTO DE GLADYS MARIN MILLIE Santiago de Chile, 6 marzo 2005. Con profundo dolor, debemos comunicar que a la 1:00 de la madrugada de hoy, 6 de marzo de 2005, [&hellip;]","og_url":"https:\/\/uniondelbarrio.org\/esp\/gladys-marin-millie-presente\/","og_site_name":"UdB en espa\u00f1ol","article_publisher":"https:\/\/www.facebook.com\/UniondelBarrio","og_image":[{"width":443,"height":590,"url":"https:\/\/uniondelbarrio.org\/esp\/wp-content\/uploads\/2017\/03\/gladys_marin.jpg","type":"image\/jpeg"}],"twitter_card":"summary_large_image","twitter_site":"@UniondelBarrio","twitter_misc":{"Est. reading time":"9 minutes"},"schema":{"@context":"https:\/\/schema.org","@graph":[{"@type":"WebPage","@id":"https:\/\/uniondelbarrio.org\/esp\/gladys-marin-millie-presente\/","url":"https:\/\/uniondelbarrio.org\/esp\/gladys-marin-millie-presente\/","name":"Gladys Mar\u00edn Millie - \u00a1Presente! - UdB en espa\u00f1ol","isPartOf":{"@id":"https:\/\/uniondelbarrio.org\/esp\/#website"},"primaryImageOfPage":{"@id":"https:\/\/uniondelbarrio.org\/esp\/gladys-marin-millie-presente\/#primaryimage"},"image":{"@id":"https:\/\/uniondelbarrio.org\/esp\/gladys-marin-millie-presente\/#primaryimage"},"thumbnailUrl":"https:\/\/uniondelbarrio.org\/esp\/wp-content\/uploads\/2017\/03\/gladys_marin.jpg","datePublished":"2017-03-06T16:46:59+00:00","breadcrumb":{"@id":"https:\/\/uniondelbarrio.org\/esp\/gladys-marin-millie-presente\/#breadcrumb"},"inLanguage":"en-US","potentialAction":[{"@type":"ReadAction","target":["https:\/\/uniondelbarrio.org\/esp\/gladys-marin-millie-presente\/"]}]},{"@type":"ImageObject","inLanguage":"en-US","@id":"https:\/\/uniondelbarrio.org\/esp\/gladys-marin-millie-presente\/#primaryimage","url":"https:\/\/uniondelbarrio.org\/esp\/wp-content\/uploads\/2017\/03\/gladys_marin.jpg","contentUrl":"https:\/\/uniondelbarrio.org\/esp\/wp-content\/uploads\/2017\/03\/gladys_marin.jpg","width":443,"height":590},{"@type":"BreadcrumbList","@id":"https:\/\/uniondelbarrio.org\/esp\/gladys-marin-millie-presente\/#breadcrumb","itemListElement":[{"@type":"ListItem","position":1,"name":"Home","item":"https:\/\/uniondelbarrio.org\/esp\/"},{"@type":"ListItem","position":2,"name":"Gladys Mar\u00edn Millie &#8211; \u00a1Presente!"}]},{"@type":"WebSite","@id":"https:\/\/uniondelbarrio.org\/esp\/#website","url":"https:\/\/uniondelbarrio.org\/esp\/","name":"UdB en espa\u00f1ol","description":"Concientizaci\u00f3n, Organizaci\u00f3n, Acci\u00f3n y Liberaci\u00f3n","potentialAction":[{"@type":"SearchAction","target":{"@type":"EntryPoint","urlTemplate":"https:\/\/uniondelbarrio.org\/esp\/?s={search_term_string}"},"query-input":{"@type":"PropertyValueSpecification","valueRequired":true,"valueName":"search_term_string"}}],"inLanguage":"en-US"}]}},"_links":{"self":[{"href":"https:\/\/uniondelbarrio.org\/esp\/wp-json\/wp\/v2\/pages\/552","targetHints":{"allow":["GET"]}}],"collection":[{"href":"https:\/\/uniondelbarrio.org\/esp\/wp-json\/wp\/v2\/pages"}],"about":[{"href":"https:\/\/uniondelbarrio.org\/esp\/wp-json\/wp\/v2\/types\/page"}],"author":[{"embeddable":true,"href":"https:\/\/uniondelbarrio.org\/esp\/wp-json\/wp\/v2\/users\/1"}],"replies":[{"embeddable":true,"href":"https:\/\/uniondelbarrio.org\/esp\/wp-json\/wp\/v2\/comments?post=552"}],"version-history":[{"count":7,"href":"https:\/\/uniondelbarrio.org\/esp\/wp-json\/wp\/v2\/pages\/552\/revisions"}],"predecessor-version":[{"id":563,"href":"https:\/\/uniondelbarrio.org\/esp\/wp-json\/wp\/v2\/pages\/552\/revisions\/563"}],"wp:featuredmedia":[{"embeddable":true,"href":"https:\/\/uniondelbarrio.org\/esp\/wp-json\/wp\/v2\/media\/555"}],"wp:attachment":[{"href":"https:\/\/uniondelbarrio.org\/esp\/wp-json\/wp\/v2\/media?parent=552"}],"curies":[{"name":"wp","href":"https:\/\/api.w.org\/{rel}","templated":true}]}}