{"id":71,"date":"2015-05-16T10:21:05","date_gmt":"2015-05-16T03:21:05","guid":{"rendered":"http:\/\/uniondelbarrio.org\/esp\/?page_id=71"},"modified":"2019-07-07T12:49:13","modified_gmt":"2019-07-07T19:49:13","slug":"ii-esta-es-nuestra-america-somos-naciones-indigenas","status":"publish","type":"page","link":"https:\/\/uniondelbarrio.org\/esp\/sobre-udb\/un-programa-para-proveer-direccion-politica-concientizar-el-pueblo-y-crear-la-lucha-para-la-liberacion-nacional\/quienes-somos\/ii-esta-es-nuestra-america-somos-naciones-indigenas\/","title":{"rendered":"II. Esta Es \u201cNuestra Am\u00e9rica\u201d &#8211; Somos Naciones Ind\u00edgenas"},"content":{"rendered":"<div class=\"page\" title=\"Page 4\">\n<div class=\"layoutArea\">\n<div class=\"column\">\n<div class=\"page\" title=\"Page 6\">\n<div class=\"layoutArea\">\n<div class=\"column\">\n<p>Reconocemos y mantenemos el derecho a la auto-determinaci\u00f3n de todas las naciones ind\u00edgenas de las Am\u00e9ricas. Nuestra Am\u00e9rica a sido sujeta a la violencia genocida, el robo y la esclavitud impuesta por el colonialismo Europeo, el imperialismo Estadounidense, y el neoliberalismo global. Compartimos una misma historia, lucha y destino. El principio de la auto-determinaci\u00f3n de todos los pueblos ind\u00edgenas a lo largo de Nuestra Am\u00e9rica ser\u00e1 necesario para anular toda manifestaci\u00f3n de opresi\u00f3n impuesto por el colonialismo, el imperialismo y el neoliberalismo. Entendemos que la liberaci\u00f3n de La Raza dentro de las actuales fronteras de EEUU deber\u00e1 estar ligada a los movimientos de liberaci\u00f3n de todos los pueblos ind\u00edgenas y naciones Latinoamericanas.<\/p>\n<p>El pueblo Mexicano, como habitantes ind\u00edgenas de este continente y de lo que actualmente se llama el suroeste de los Estados Unidos, es victima del estado ilegal que se asent\u00f3 sobre nuestro pueblo. Lo que en el presente es conocido como el suroeste de los EEUU constituye una colonia norteamericana, y es una naci\u00f3n colonizadora, asentada ilegalmente, la cual la reconocemos como una extensi\u00f3n del colonialismo europeo. Los Estados Unidos financiaron y dirigieron la rebeli\u00f3n colonizadora Anglo en Tejas en 1836, que prepar\u00f3 el escenario para una guerra de agresi\u00f3n de los Estados Unidos en 1846-1848. Esta guerra result\u00f3 en la ocupaci\u00f3n de la mitad norte de M\u00e9xico. Esta guerra nos impuso la posici\u00f3n de una naci\u00f3n conquistada, y desde entonces millones de personas han sido v\u00edctimas de los colonos racistas anglosajones que ejercen su poder individual, estatal y econ\u00f3mico con la esperanza de mantener nuestra condici\u00f3n de serviles. Por eso, en los Estados Unidos, el sistema pol\u00edtico se bas\u00f3 en este principio: dise\u00f1ado para explotar nuestro trabajo, mantener un n\u00famero desproporcionado de personas en las c\u00e1rceles, estereotiparnos a trav\u00e9s de los medios de comunicaci\u00f3n, falsificar nuestra historia, negarnos una educaci\u00f3n relevante y productiva y militarizar la frontera para mantener alejadas a las mismas personas de las cuales Aztlan\/M\u00e9xico Ocupado fue robado. Esta relaci\u00f3n hist\u00f3rica se sostiene a trav\u00e9s de una campa\u00f1a en curso de terrorismo de estado (migra, polic\u00eda, etc.) y la expresi\u00f3n abierta y violenta del racismo por parte de los reaccionarios de la poblaci\u00f3n nacionalista blanca de los Estados Unidos.<\/p>\n<p>Todas estas son manifestaciones directas del colonialismo, pero debemos entender que tambi\u00e9n estamos sujetos a las contradicciones del neocolonialismo. Uni\u00f3n del Barrio es consciente de las t\u00e1cticas neocolonialistas actuales del opresor, que incluyen el uso de nuestro propio pueblo contra nosotros. Los neocolonialistas son lacayos t\u00edteres, nombrados o autonombrados, que generalmente obtienen apoyo financiero del sistema colonial. El rol principal del neocolonialista es confundir a la gran cantidad de la raza para que piensen que estamos progresando dentro del sistema pol\u00edtico actual, y que podemos lograr el \u00e9xito individual si solo nos comprometemos con el imperialismo estadounidense. Esta es una estratagema que es fundamental para la t\u00e1ctica de colonizaci\u00f3n cl\u00e1sica de dividir y conquistar. En lugar de concentrar nuestra energ\u00eda en derrocar al imperialismo, esta t\u00e1ctica nos enfrenta a los oportunistas de nuestro tipo y\/o redirige nuestra atenci\u00f3n a la desconfianza de otras nacionalidades oprimidas. El sistema pol\u00edtico y econ\u00f3mico existente contin\u00faa relativamente sin ser desafiado, mientras que las personas oprimidas dentro de los Estados Unidos luchan perpetuamente entre s\u00ed por las migajas de los mendigos, las peque\u00f1as concesiones y las posturas simb\u00f3licas del poder neocolonial.<\/p>\n<\/div>\n<div class=\"page\" title=\"Page 7\">\n<div class=\"layoutArea\">\n<div class=\"column\">\n<p>Estrat\u00e9gicamente, debemos alejarnos de este ciclo in\u00fatil, para ayudar a crear las condiciones para lograr la liberaci\u00f3n de Nuestra Am\u00e9rica. Nuestro poder colectivo dentro de los Estados Unidos ser\u00e1 una fuerza importante que derrocar\u00e1 el intervencionismo estadounidense en Am\u00e9rica Latina. Entendemos que ni un solo gobierno neocolonial podr\u00eda sobrevivir sin financiamiento y entrenamiento militar de los Estados Unidos. Por lo tanto, Uni\u00f3n del Barrio promueve la unidad y la participaci\u00f3n de nuestra organizaci\u00f3n en los esfuerzos por democratizar M\u00e9xico y Nuestra Am\u00e9rica. La pol\u00edtica de la raza que vive en los territorios ocupados debe concentrarse en organizarse para lograr un poder pol\u00edtico independiente dentro del vientre de la bestia, mientras se une con las fuerzas progresistas en M\u00e9xico y Nuestra Am\u00e9rica.<\/p>\n<\/div>\n<\/div>\n<\/div>\n<\/div>\n<\/div>\n<p>SIGUE <em>Quienes Somos:<\/em>\u00a0\u201c<a href=\"https:\/\/uniondelbarrio.org\/esp\/?page_id=69\">III. Nuestra Lucha Es Por La Liberaci\u00f3n Nacional Y Se Basa En La Lucha De Clase &#8211; Somos Internacionalistas<\/a>\u201d<\/p>\n<\/div>\n<\/div>\n<\/div>\n","protected":false},"excerpt":{"rendered":"<p>Reconocemos y mantenemos el derecho a la auto-determinaci\u00f3n de todas las naciones ind\u00edgenas de las Am\u00e9ricas. Nuestra Am\u00e9rica a sido sujeta a la violencia genocida, el robo y la esclavitud impuesta por el colonialismo Europeo, el imperialismo Estadounidense, y el neoliberalismo global. Compartimos una misma historia, lucha y destino. El principio de la auto-determinaci\u00f3n de [&hellip;]<\/p>\n","protected":false},"author":1,"featured_media":0,"parent":61,"menu_order":2,"comment_status":"closed","ping_status":"closed","template":"","meta":{"footnotes":""},"class_list":["post-71","page","type-page","status-publish","hentry"],"yoast_head":"<!-- This site is optimized with the Yoast SEO plugin v27.5 - https:\/\/yoast.com\/product\/yoast-seo-wordpress\/ -->\n<title>II. Esta Es \u201cNuestra Am\u00e9rica\u201d - Somos Naciones Ind\u00edgenas - UdB en espa\u00f1ol<\/title>\n<meta name=\"robots\" content=\"index, follow, max-snippet:-1, max-image-preview:large, max-video-preview:-1\" \/>\n<link rel=\"canonical\" href=\"https:\/\/uniondelbarrio.org\/esp\/sobre-udb\/un-programa-para-proveer-direccion-politica-concientizar-el-pueblo-y-crear-la-lucha-para-la-liberacion-nacional\/quienes-somos\/ii-esta-es-nuestra-america-somos-naciones-indigenas\/\" \/>\n<meta property=\"og:locale\" content=\"en_US\" \/>\n<meta property=\"og:type\" content=\"article\" \/>\n<meta property=\"og:title\" content=\"II. Esta Es \u201cNuestra Am\u00e9rica\u201d - Somos Naciones Ind\u00edgenas - UdB en espa\u00f1ol\" \/>\n<meta property=\"og:description\" content=\"Reconocemos y mantenemos el derecho a la auto-determinaci\u00f3n de todas las naciones ind\u00edgenas de las Am\u00e9ricas. Nuestra Am\u00e9rica a sido sujeta a la violencia genocida, el robo y la esclavitud impuesta por el colonialismo Europeo, el imperialismo Estadounidense, y el neoliberalismo global. Compartimos una misma historia, lucha y destino. El principio de la auto-determinaci\u00f3n de [&hellip;]\" \/>\n<meta property=\"og:url\" content=\"https:\/\/uniondelbarrio.org\/esp\/sobre-udb\/un-programa-para-proveer-direccion-politica-concientizar-el-pueblo-y-crear-la-lucha-para-la-liberacion-nacional\/quienes-somos\/ii-esta-es-nuestra-america-somos-naciones-indigenas\/\" \/>\n<meta property=\"og:site_name\" content=\"UdB en espa\u00f1ol\" \/>\n<meta property=\"article:publisher\" content=\"https:\/\/www.facebook.com\/UniondelBarrio\" \/>\n<meta property=\"article:modified_time\" content=\"2019-07-07T19:49:13+00:00\" \/>\n<meta property=\"og:image\" content=\"https:\/\/uniondelbarrio.org\/esp\/wp-content\/uploads\/2021\/04\/ESP_UdB_FBDefaultWeb_1200x628.jpg\" \/>\n\t<meta property=\"og:image:width\" content=\"1200\" \/>\n\t<meta property=\"og:image:height\" content=\"628\" \/>\n\t<meta property=\"og:image:type\" content=\"image\/jpeg\" \/>\n<meta name=\"twitter:card\" content=\"summary_large_image\" \/>\n<meta name=\"twitter:site\" content=\"@UniondelBarrio\" \/>\n<meta name=\"twitter:label1\" content=\"Est. reading time\" \/>\n\t<meta name=\"twitter:data1\" content=\"4 minutes\" \/>\n<script type=\"application\/ld+json\" class=\"yoast-schema-graph\">{\"@context\":\"https:\\\/\\\/schema.org\",\"@graph\":[{\"@type\":\"WebPage\",\"@id\":\"https:\\\/\\\/uniondelbarrio.org\\\/esp\\\/sobre-udb\\\/un-programa-para-proveer-direccion-politica-concientizar-el-pueblo-y-crear-la-lucha-para-la-liberacion-nacional\\\/quienes-somos\\\/ii-esta-es-nuestra-america-somos-naciones-indigenas\\\/\",\"url\":\"https:\\\/\\\/uniondelbarrio.org\\\/esp\\\/sobre-udb\\\/un-programa-para-proveer-direccion-politica-concientizar-el-pueblo-y-crear-la-lucha-para-la-liberacion-nacional\\\/quienes-somos\\\/ii-esta-es-nuestra-america-somos-naciones-indigenas\\\/\",\"name\":\"II. Esta Es \u201cNuestra Am\u00e9rica\u201d - Somos Naciones Ind\u00edgenas - UdB en espa\u00f1ol\",\"isPartOf\":{\"@id\":\"https:\\\/\\\/uniondelbarrio.org\\\/esp\\\/#website\"},\"datePublished\":\"2015-05-16T03:21:05+00:00\",\"dateModified\":\"2019-07-07T19:49:13+00:00\",\"breadcrumb\":{\"@id\":\"https:\\\/\\\/uniondelbarrio.org\\\/esp\\\/sobre-udb\\\/un-programa-para-proveer-direccion-politica-concientizar-el-pueblo-y-crear-la-lucha-para-la-liberacion-nacional\\\/quienes-somos\\\/ii-esta-es-nuestra-america-somos-naciones-indigenas\\\/#breadcrumb\"},\"inLanguage\":\"en-US\",\"potentialAction\":[{\"@type\":\"ReadAction\",\"target\":[\"https:\\\/\\\/uniondelbarrio.org\\\/esp\\\/sobre-udb\\\/un-programa-para-proveer-direccion-politica-concientizar-el-pueblo-y-crear-la-lucha-para-la-liberacion-nacional\\\/quienes-somos\\\/ii-esta-es-nuestra-america-somos-naciones-indigenas\\\/\"]}]},{\"@type\":\"BreadcrumbList\",\"@id\":\"https:\\\/\\\/uniondelbarrio.org\\\/esp\\\/sobre-udb\\\/un-programa-para-proveer-direccion-politica-concientizar-el-pueblo-y-crear-la-lucha-para-la-liberacion-nacional\\\/quienes-somos\\\/ii-esta-es-nuestra-america-somos-naciones-indigenas\\\/#breadcrumb\",\"itemListElement\":[{\"@type\":\"ListItem\",\"position\":1,\"name\":\"Home\",\"item\":\"https:\\\/\\\/uniondelbarrio.org\\\/esp\\\/\"},{\"@type\":\"ListItem\",\"position\":2,\"name\":\"\u00bfQui\u00e9n Es Uni\u00f3n del Barrio?\",\"item\":\"https:\\\/\\\/uniondelbarrio.org\\\/esp\\\/sobre-udb\\\/\"},{\"@type\":\"ListItem\",\"position\":3,\"name\":\"Un Programa Para Proveer Direcci\u00f3n Pol\u00edtica, Concientizar El Pueblo Y Crear La Lucha Para La Liberaci\u00f3n Nacional\",\"item\":\"https:\\\/\\\/uniondelbarrio.org\\\/esp\\\/sobre-udb\\\/un-programa-para-proveer-direccion-politica-concientizar-el-pueblo-y-crear-la-lucha-para-la-liberacion-nacional\\\/\"},{\"@type\":\"ListItem\",\"position\":4,\"name\":\"Quienes Somos\",\"item\":\"https:\\\/\\\/uniondelbarrio.org\\\/esp\\\/sobre-udb\\\/un-programa-para-proveer-direccion-politica-concientizar-el-pueblo-y-crear-la-lucha-para-la-liberacion-nacional\\\/quienes-somos\\\/\"},{\"@type\":\"ListItem\",\"position\":5,\"name\":\"II. Esta Es \u201cNuestra Am\u00e9rica\u201d &#8211; Somos Naciones Ind\u00edgenas\"}]},{\"@type\":\"WebSite\",\"@id\":\"https:\\\/\\\/uniondelbarrio.org\\\/esp\\\/#website\",\"url\":\"https:\\\/\\\/uniondelbarrio.org\\\/esp\\\/\",\"name\":\"UdB en espa\u00f1ol\",\"description\":\"Concientizaci\u00f3n, Organizaci\u00f3n, Acci\u00f3n y Liberaci\u00f3n\",\"potentialAction\":[{\"@type\":\"SearchAction\",\"target\":{\"@type\":\"EntryPoint\",\"urlTemplate\":\"https:\\\/\\\/uniondelbarrio.org\\\/esp\\\/?s={search_term_string}\"},\"query-input\":{\"@type\":\"PropertyValueSpecification\",\"valueRequired\":true,\"valueName\":\"search_term_string\"}}],\"inLanguage\":\"en-US\"}]}<\/script>\n<!-- \/ Yoast SEO plugin. -->","yoast_head_json":{"title":"II. Esta Es \u201cNuestra Am\u00e9rica\u201d - Somos Naciones Ind\u00edgenas - UdB en espa\u00f1ol","robots":{"index":"index","follow":"follow","max-snippet":"max-snippet:-1","max-image-preview":"max-image-preview:large","max-video-preview":"max-video-preview:-1"},"canonical":"https:\/\/uniondelbarrio.org\/esp\/sobre-udb\/un-programa-para-proveer-direccion-politica-concientizar-el-pueblo-y-crear-la-lucha-para-la-liberacion-nacional\/quienes-somos\/ii-esta-es-nuestra-america-somos-naciones-indigenas\/","og_locale":"en_US","og_type":"article","og_title":"II. Esta Es \u201cNuestra Am\u00e9rica\u201d - Somos Naciones Ind\u00edgenas - UdB en espa\u00f1ol","og_description":"Reconocemos y mantenemos el derecho a la auto-determinaci\u00f3n de todas las naciones ind\u00edgenas de las Am\u00e9ricas. Nuestra Am\u00e9rica a sido sujeta a la violencia genocida, el robo y la esclavitud impuesta por el colonialismo Europeo, el imperialismo Estadounidense, y el neoliberalismo global. Compartimos una misma historia, lucha y destino. El principio de la auto-determinaci\u00f3n de [&hellip;]","og_url":"https:\/\/uniondelbarrio.org\/esp\/sobre-udb\/un-programa-para-proveer-direccion-politica-concientizar-el-pueblo-y-crear-la-lucha-para-la-liberacion-nacional\/quienes-somos\/ii-esta-es-nuestra-america-somos-naciones-indigenas\/","og_site_name":"UdB en espa\u00f1ol","article_publisher":"https:\/\/www.facebook.com\/UniondelBarrio","article_modified_time":"2019-07-07T19:49:13+00:00","og_image":[{"width":1200,"height":628,"url":"https:\/\/uniondelbarrio.org\/esp\/wp-content\/uploads\/2021\/04\/ESP_UdB_FBDefaultWeb_1200x628.jpg","type":"image\/jpeg"}],"twitter_card":"summary_large_image","twitter_site":"@UniondelBarrio","twitter_misc":{"Est. reading time":"4 minutes"},"schema":{"@context":"https:\/\/schema.org","@graph":[{"@type":"WebPage","@id":"https:\/\/uniondelbarrio.org\/esp\/sobre-udb\/un-programa-para-proveer-direccion-politica-concientizar-el-pueblo-y-crear-la-lucha-para-la-liberacion-nacional\/quienes-somos\/ii-esta-es-nuestra-america-somos-naciones-indigenas\/","url":"https:\/\/uniondelbarrio.org\/esp\/sobre-udb\/un-programa-para-proveer-direccion-politica-concientizar-el-pueblo-y-crear-la-lucha-para-la-liberacion-nacional\/quienes-somos\/ii-esta-es-nuestra-america-somos-naciones-indigenas\/","name":"II. Esta Es \u201cNuestra Am\u00e9rica\u201d - Somos Naciones Ind\u00edgenas - UdB en espa\u00f1ol","isPartOf":{"@id":"https:\/\/uniondelbarrio.org\/esp\/#website"},"datePublished":"2015-05-16T03:21:05+00:00","dateModified":"2019-07-07T19:49:13+00:00","breadcrumb":{"@id":"https:\/\/uniondelbarrio.org\/esp\/sobre-udb\/un-programa-para-proveer-direccion-politica-concientizar-el-pueblo-y-crear-la-lucha-para-la-liberacion-nacional\/quienes-somos\/ii-esta-es-nuestra-america-somos-naciones-indigenas\/#breadcrumb"},"inLanguage":"en-US","potentialAction":[{"@type":"ReadAction","target":["https:\/\/uniondelbarrio.org\/esp\/sobre-udb\/un-programa-para-proveer-direccion-politica-concientizar-el-pueblo-y-crear-la-lucha-para-la-liberacion-nacional\/quienes-somos\/ii-esta-es-nuestra-america-somos-naciones-indigenas\/"]}]},{"@type":"BreadcrumbList","@id":"https:\/\/uniondelbarrio.org\/esp\/sobre-udb\/un-programa-para-proveer-direccion-politica-concientizar-el-pueblo-y-crear-la-lucha-para-la-liberacion-nacional\/quienes-somos\/ii-esta-es-nuestra-america-somos-naciones-indigenas\/#breadcrumb","itemListElement":[{"@type":"ListItem","position":1,"name":"Home","item":"https:\/\/uniondelbarrio.org\/esp\/"},{"@type":"ListItem","position":2,"name":"\u00bfQui\u00e9n Es Uni\u00f3n del Barrio?","item":"https:\/\/uniondelbarrio.org\/esp\/sobre-udb\/"},{"@type":"ListItem","position":3,"name":"Un Programa Para Proveer Direcci\u00f3n Pol\u00edtica, Concientizar El Pueblo Y Crear La Lucha Para La Liberaci\u00f3n Nacional","item":"https:\/\/uniondelbarrio.org\/esp\/sobre-udb\/un-programa-para-proveer-direccion-politica-concientizar-el-pueblo-y-crear-la-lucha-para-la-liberacion-nacional\/"},{"@type":"ListItem","position":4,"name":"Quienes Somos","item":"https:\/\/uniondelbarrio.org\/esp\/sobre-udb\/un-programa-para-proveer-direccion-politica-concientizar-el-pueblo-y-crear-la-lucha-para-la-liberacion-nacional\/quienes-somos\/"},{"@type":"ListItem","position":5,"name":"II. Esta Es \u201cNuestra Am\u00e9rica\u201d &#8211; Somos Naciones Ind\u00edgenas"}]},{"@type":"WebSite","@id":"https:\/\/uniondelbarrio.org\/esp\/#website","url":"https:\/\/uniondelbarrio.org\/esp\/","name":"UdB en espa\u00f1ol","description":"Concientizaci\u00f3n, Organizaci\u00f3n, Acci\u00f3n y Liberaci\u00f3n","potentialAction":[{"@type":"SearchAction","target":{"@type":"EntryPoint","urlTemplate":"https:\/\/uniondelbarrio.org\/esp\/?s={search_term_string}"},"query-input":{"@type":"PropertyValueSpecification","valueRequired":true,"valueName":"search_term_string"}}],"inLanguage":"en-US"}]}},"_links":{"self":[{"href":"https:\/\/uniondelbarrio.org\/esp\/wp-json\/wp\/v2\/pages\/71","targetHints":{"allow":["GET"]}}],"collection":[{"href":"https:\/\/uniondelbarrio.org\/esp\/wp-json\/wp\/v2\/pages"}],"about":[{"href":"https:\/\/uniondelbarrio.org\/esp\/wp-json\/wp\/v2\/types\/page"}],"author":[{"embeddable":true,"href":"https:\/\/uniondelbarrio.org\/esp\/wp-json\/wp\/v2\/users\/1"}],"replies":[{"embeddable":true,"href":"https:\/\/uniondelbarrio.org\/esp\/wp-json\/wp\/v2\/comments?post=71"}],"version-history":[{"count":6,"href":"https:\/\/uniondelbarrio.org\/esp\/wp-json\/wp\/v2\/pages\/71\/revisions"}],"predecessor-version":[{"id":962,"href":"https:\/\/uniondelbarrio.org\/esp\/wp-json\/wp\/v2\/pages\/71\/revisions\/962"}],"up":[{"embeddable":true,"href":"https:\/\/uniondelbarrio.org\/esp\/wp-json\/wp\/v2\/pages\/61"}],"wp:attachment":[{"href":"https:\/\/uniondelbarrio.org\/esp\/wp-json\/wp\/v2\/media?parent=71"}],"curies":[{"name":"wp","href":"https:\/\/api.w.org\/{rel}","templated":true}]}}