{"id":1906,"date":"2015-11-02T14:29:03","date_gmt":"2015-11-02T21:29:03","guid":{"rendered":"https:\/\/uniondelbarrio.org\/main\/?page_id=1906"},"modified":"2025-08-24T17:10:32","modified_gmt":"2025-08-25T00:10:32","slug":"companero-marco-anguiano-a-man-of-principle-revolutionary-commitment","status":"publish","type":"page","link":"https:\/\/uniondelbarrio.org\/main\/4-2\/about-udb\/the-history-of-union-del-barrio\/udb-history-2005-to-2008\/companero-marco-anguiano-a-man-of-principle-revolutionary-commitment\/","title":{"rendered":"Compa\u00f1ero Marco Anguiano: A Man Of Principle &#038; Revolutionary Commitment"},"content":{"rendered":"<p><img loading=\"lazy\" decoding=\"async\" class=\"alignright size-medium wp-image-1895\" src=\"https:\/\/uniondelbarrio.org\/main\/wp-content\/uploads\/2015\/11\/Marco2015-200x300.jpg\" alt=\"\" width=\"200\" height=\"300\" srcset=\"https:\/\/uniondelbarrio.org\/main\/wp-content\/uploads\/2015\/11\/Marco2015-200x300.jpg 200w, https:\/\/uniondelbarrio.org\/main\/wp-content\/uploads\/2015\/11\/Marco2015.jpg 450w\" sizes=\"auto, (max-width: 200px) 100vw, 200px\" \/>On August 24, 2005 at 5:30 a.m. the movement for Raza liberation lost one of its most committed and talented activists, Marco Anguiano. A talented organizer, writer, political strategist and artist, compa\u00f1ero Marco lost his struggle against cancer. He was 52 years old.<\/p>\n<p><a href=\"https:\/\/uniondelbarrio.org\/esp\/?page_id=1138\"><img loading=\"lazy\" decoding=\"async\" class=\"alignleft wp-image-4339 size-full\" src=\"https:\/\/uniondelbarrio.org\/main\/wp-content\/uploads\/2015\/11\/spanishversionbutton.png\" alt=\"\" width=\"184\" height=\"64\" \/><\/a>Throughout his more than 30 years of activism Compa\u00f1ero Marco came to be respected as a passionate enemy of oppression &#8211; a freedom fighter who symbolized the struggle of the Mexicano people for justice, peace and liberation. Marco was a man of principle, and a committed revolutionary who never compromised his ideals of struggle.<\/p>\n<p>Marco\u2019s parents were agricultural and hotel workers. He was raised on both sides of the militarily imposed border &#8211; a border to which he dedicated his life to tearing down. During his child and teenage years compa\u00f1ero Marco attended schools in Tijuana, as well as in Southeast San Diego.<\/p>\n<p>While a student at Marian High School, Marco\u2019s opposition to the war in Viet Nam got him into trouble with the school administration &#8211; he was caught working on an underground newspaper that printed articles opposing the war. Later,\u00a0during\u00a0the 1970s, Marco attended Southwestern College in Chula Vista, where he became a leading member of the campus MEChA (Movimiento Estudiantil Chicano de Aztl\u00e1n).<\/p>\n<p><img loading=\"lazy\" decoding=\"async\" class=\"alignleft size-medium wp-image-3450\" src=\"https:\/\/uniondelbarrio.org\/main\/wp-content\/uploads\/2018\/08\/MarcoAnguiano1-276x300.jpg\" alt=\"\" width=\"276\" height=\"300\" srcset=\"https:\/\/uniondelbarrio.org\/main\/wp-content\/uploads\/2018\/08\/MarcoAnguiano1-276x300.jpg 276w, https:\/\/uniondelbarrio.org\/main\/wp-content\/uploads\/2018\/08\/MarcoAnguiano1-768x834.jpg 768w, https:\/\/uniondelbarrio.org\/main\/wp-content\/uploads\/2018\/08\/MarcoAnguiano1-943x1024.jpg 943w, https:\/\/uniondelbarrio.org\/main\/wp-content\/uploads\/2018\/08\/MarcoAnguiano1.jpg 1329w\" sizes=\"auto, (max-width: 276px) 100vw, 276px\" \/>During the late 1980s Marco lived and worked in the Middle East as a graphic artist. During that time he traveled throughout Egypt, Saudi Arabia, and other countries. This experience further politicized him, and opened his eyes to the role of U.S. imperialism in the region. Soon after returning from the Middle East, Marco traveled to Cuba, in 1991, as part of a delegation participating in the Bienal Arts Festival. He immediately became a committed supporter of the Cuban Revolution.<\/p>\n<p>In the early 1990s, Marco was central to the work of the Centro Cultural de La Raza, the Chicano Park Steering Committee, as well as taking on a leadership position within the Raza Rights Coalition (a project of Uni\u00f3n del Barrio). It was in 1991 that Marco decided to\u00a0join Uni\u00f3n del Barrio. He was immediately recognized for his skills at organizing and political strategizing, and he was elected in 1993 to the Mesa Directiva of Uni\u00f3n del Barrio (today known as the Central Committee).<\/p>\n<p>In 1995, due to his opposition to decisions made by the leadership of Uni\u00f3n del Barrio, he temporarily left the organization, although his departure was not a negative one. In a truly principled fashion, he continued to be part of the leadership of the Raza Rights Coalition, and always demonstrated respect and camaraderie towards the work and membership of the UdB.<\/p>\n<p>Throughout the 1990s, and until the time of his death, compa\u00f1ero Marco was one of the most active individuals in the Chicano Mexicano movement in San Diego. He participated in the organizing of countless conferences, festivals, marchas and protests, all with the objective of advancing the struggle for raza liberation. In addition to being an excellent organizer, Marco was an exceptional writer, and published numerous articles in <em>Voz Fronteriza<\/em>, <em>\u00a1La Verdad!<\/em>, and within many programs and documents of the Chicano Park Steering Committee and the Centro Cultural de la Raza.<\/p>\n<p><img loading=\"lazy\" decoding=\"async\" class=\"alignleft size-medium wp-image-2239\" src=\"https:\/\/uniondelbarrio.org\/main\/wp-content\/uploads\/2015\/11\/2001_e_Marco_7-300x220.jpg\" alt=\"2001_e_Marco_7\" width=\"300\" height=\"220\" srcset=\"https:\/\/uniondelbarrio.org\/main\/wp-content\/uploads\/2015\/11\/2001_e_Marco_7-300x220.jpg 300w, https:\/\/uniondelbarrio.org\/main\/wp-content\/uploads\/2015\/11\/2001_e_Marco_7.jpg 504w\" sizes=\"auto, (max-width: 300px) 100vw, 300px\" \/>At times, his principled approach to political struggle led him into conflicts with liberals and hispanic opportunists. Compa\u00f1ero Marco lived his life convinced that only a revolution, and the construction of a socialist society (where there are no rich or poor, and the wealth of society is shared equally), could bring peace and justice to humankind. Marco based his his life and his actions on this belief, even during the last weeks we shared with him.<\/p>\n<p>His commitment to struggle, and to the importance of organization were exemplified by a request he made of Uni\u00f3n del Barrio in early July of 2005. Marco explained to us that regardless of what direction his health would take in the coming months, he wished to once again become a full member of Uni\u00f3n del Barrio.<\/p>\n<p>On July 10, 2005, from his hospital bed, in the presence of his Compa\u00f1era Annie Ross and leading members of Uni\u00f3n del Barrio, compa\u00f1ero Marco Anguiano placed his hand on the Mexican flag, and recited the organizational pledge of Uni\u00f3n del Barrio, once again becoming a full member of UdB, in good standing:<\/p>\n<p><em>\u201cBefore the memory of freedom fighters and martyrs of M\u00e9xico, the Am\u00e9ricas, and humanity as a whole, before history, l place my hand on the green, white and red flag that signifies &#8216;Patria O Muerte,&#8217; and I swear to defend the national honor, and to fight for the redemption of the oppressed and exploited in M\u00e9xico and the world.\u00a0<\/em><em>If I fulfill this oath, the freedom of M\u00e9xico and all people will be the reward. If I fail, disgrace and dishonor will be my punishment.\u201d\u00a0<\/em>46 days later, on August 24th, we lost not only a revolutionary son of the Mexican nation, but also a friend of all oppressed people throughout the world.<\/p>\n<p><img loading=\"lazy\" decoding=\"async\" class=\"alignright size-medium wp-image-3448\" src=\"https:\/\/uniondelbarrio.org\/main\/wp-content\/uploads\/2018\/08\/CentroBanner_1-300x95.jpg\" alt=\"\" width=\"300\" height=\"95\" srcset=\"https:\/\/uniondelbarrio.org\/main\/wp-content\/uploads\/2018\/08\/CentroBanner_1-300x95.jpg 300w, https:\/\/uniondelbarrio.org\/main\/wp-content\/uploads\/2018\/08\/CentroBanner_1-768x242.jpg 768w, https:\/\/uniondelbarrio.org\/main\/wp-content\/uploads\/2018\/08\/CentroBanner_1-1024x323.jpg 1024w\" sizes=\"auto, (max-width: 300px) 100vw, 300px\" \/>Today, the San Diego headquarters of Uni\u00f3n del Barrio is named in his honor &#8211; &#8220;Centro Aztlan Marco Anguiano.&#8221; It is fitting that the community work of UdB in San Diego is organized in a building named honor Marco, a few steps away from his beloved Chicano Park.<\/p>\n<p>Men and women who dedicate their lives to the struggle for justice, peace and liberation will always be cherished in the memory and fighting spirit of our people. In the words of General Emiliano Zapata\u2026 \u201cIt is better to die on my feet, than to live life on my knees!\u201d<\/p>\n<p style=\"text-align: center;\"><span style=\"color: #993300;\"><strong>\u00a1Compa\u00f1ero Marco Anguiano, Presente!<\/strong><\/span><\/p>\n<p style=\"text-align: center;\"><img loading=\"lazy\" decoding=\"async\" class=\"aligncenter size-large wp-image-5216\" src=\"https:\/\/uniondelbarrio.org\/main\/wp-content\/uploads\/2025\/08\/Screenshot-2025-08-24-at-5.08.32-PM-1024x695.png\" alt=\"\" width=\"640\" height=\"434\" srcset=\"https:\/\/uniondelbarrio.org\/main\/wp-content\/uploads\/2025\/08\/Screenshot-2025-08-24-at-5.08.32-PM-1024x695.png 1024w, https:\/\/uniondelbarrio.org\/main\/wp-content\/uploads\/2025\/08\/Screenshot-2025-08-24-at-5.08.32-PM-300x204.png 300w, https:\/\/uniondelbarrio.org\/main\/wp-content\/uploads\/2025\/08\/Screenshot-2025-08-24-at-5.08.32-PM-768x521.png 768w, https:\/\/uniondelbarrio.org\/main\/wp-content\/uploads\/2025\/08\/Screenshot-2025-08-24-at-5.08.32-PM-1536x1043.png 1536w, https:\/\/uniondelbarrio.org\/main\/wp-content\/uploads\/2025\/08\/Screenshot-2025-08-24-at-5.08.32-PM.png 1644w\" sizes=\"auto, (max-width: 640px) 100vw, 640px\" \/><\/p>\n","protected":false},"excerpt":{"rendered":"<p>On August 24, 2005 at 5:30 a.m. the movement for Raza liberation lost one of its most committed and talented activists, Marco Anguiano. A talented organizer, writer, political strategist and artist, compa\u00f1ero Marco lost his struggle against cancer. He was 52 years old. Throughout his more than 30 years of activism Compa\u00f1ero Marco came to [&hellip;]<\/p>\n","protected":false},"author":1,"featured_media":1895,"parent":216,"menu_order":0,"comment_status":"closed","ping_status":"closed","template":"","meta":{"footnotes":""},"class_list":["post-1906","page","type-page","status-publish","has-post-thumbnail","hentry"],"yoast_head":"<!-- This site is optimized with the Yoast SEO plugin v27.5 - https:\/\/yoast.com\/product\/yoast-seo-wordpress\/ -->\n<title>Compa\u00f1ero Marco Anguiano: A Man Of Principle &amp; Revolutionary Commitment - Uni&oacute;n del Barrio<\/title>\n<meta name=\"robots\" content=\"index, follow, max-snippet:-1, max-image-preview:large, max-video-preview:-1\" \/>\n<link rel=\"canonical\" href=\"https:\/\/uniondelbarrio.org\/main\/4-2\/about-udb\/the-history-of-union-del-barrio\/udb-history-2005-to-2008\/companero-marco-anguiano-a-man-of-principle-revolutionary-commitment\/\" \/>\n<meta property=\"og:locale\" content=\"en_US\" \/>\n<meta property=\"og:type\" content=\"article\" \/>\n<meta property=\"og:title\" content=\"Compa\u00f1ero Marco Anguiano: A Man Of Principle &amp; Revolutionary Commitment - Uni&oacute;n del Barrio\" \/>\n<meta property=\"og:description\" content=\"On August 24, 2005 at 5:30 a.m. the movement for Raza liberation lost one of its most committed and talented activists, Marco Anguiano. A talented organizer, writer, political strategist and artist, compa\u00f1ero Marco lost his struggle against cancer. He was 52 years old. Throughout his more than 30 years of activism Compa\u00f1ero Marco came to [&hellip;]\" \/>\n<meta property=\"og:url\" content=\"https:\/\/uniondelbarrio.org\/main\/4-2\/about-udb\/the-history-of-union-del-barrio\/udb-history-2005-to-2008\/companero-marco-anguiano-a-man-of-principle-revolutionary-commitment\/\" \/>\n<meta property=\"og:site_name\" content=\"Uni&oacute;n del Barrio\" \/>\n<meta property=\"article:publisher\" content=\"https:\/\/www.facebook.com\/UniondelBarrio\/\" \/>\n<meta property=\"article:modified_time\" content=\"2025-08-25T00:10:32+00:00\" \/>\n<meta property=\"og:image\" content=\"https:\/\/uniondelbarrio.org\/main\/wp-content\/uploads\/2015\/11\/Marco2015.jpg\" \/>\n\t<meta property=\"og:image:width\" content=\"450\" \/>\n\t<meta property=\"og:image:height\" content=\"675\" \/>\n\t<meta property=\"og:image:type\" content=\"image\/jpeg\" \/>\n<meta name=\"twitter:card\" content=\"summary_large_image\" \/>\n<meta name=\"twitter:site\" content=\"@UniondelBarrio\" \/>\n<meta name=\"twitter:label1\" content=\"Est. reading time\" \/>\n\t<meta name=\"twitter:data1\" content=\"6 minutes\" \/>\n<script type=\"application\/ld+json\" class=\"yoast-schema-graph\">{\"@context\":\"https:\\\/\\\/schema.org\",\"@graph\":[{\"@type\":\"WebPage\",\"@id\":\"https:\\\/\\\/uniondelbarrio.org\\\/main\\\/4-2\\\/about-udb\\\/the-history-of-union-del-barrio\\\/udb-history-2005-to-2008\\\/companero-marco-anguiano-a-man-of-principle-revolutionary-commitment\\\/\",\"url\":\"https:\\\/\\\/uniondelbarrio.org\\\/main\\\/4-2\\\/about-udb\\\/the-history-of-union-del-barrio\\\/udb-history-2005-to-2008\\\/companero-marco-anguiano-a-man-of-principle-revolutionary-commitment\\\/\",\"name\":\"Compa\u00f1ero Marco Anguiano: A Man Of Principle & Revolutionary Commitment - Uni&oacute;n del Barrio\",\"isPartOf\":{\"@id\":\"https:\\\/\\\/uniondelbarrio.org\\\/main\\\/#website\"},\"primaryImageOfPage\":{\"@id\":\"https:\\\/\\\/uniondelbarrio.org\\\/main\\\/4-2\\\/about-udb\\\/the-history-of-union-del-barrio\\\/udb-history-2005-to-2008\\\/companero-marco-anguiano-a-man-of-principle-revolutionary-commitment\\\/#primaryimage\"},\"image\":{\"@id\":\"https:\\\/\\\/uniondelbarrio.org\\\/main\\\/4-2\\\/about-udb\\\/the-history-of-union-del-barrio\\\/udb-history-2005-to-2008\\\/companero-marco-anguiano-a-man-of-principle-revolutionary-commitment\\\/#primaryimage\"},\"thumbnailUrl\":\"https:\\\/\\\/uniondelbarrio.org\\\/main\\\/wp-content\\\/uploads\\\/2015\\\/11\\\/Marco2015.jpg\",\"datePublished\":\"2015-11-02T21:29:03+00:00\",\"dateModified\":\"2025-08-25T00:10:32+00:00\",\"breadcrumb\":{\"@id\":\"https:\\\/\\\/uniondelbarrio.org\\\/main\\\/4-2\\\/about-udb\\\/the-history-of-union-del-barrio\\\/udb-history-2005-to-2008\\\/companero-marco-anguiano-a-man-of-principle-revolutionary-commitment\\\/#breadcrumb\"},\"inLanguage\":\"en\",\"potentialAction\":[{\"@type\":\"ReadAction\",\"target\":[\"https:\\\/\\\/uniondelbarrio.org\\\/main\\\/4-2\\\/about-udb\\\/the-history-of-union-del-barrio\\\/udb-history-2005-to-2008\\\/companero-marco-anguiano-a-man-of-principle-revolutionary-commitment\\\/\"]}]},{\"@type\":\"ImageObject\",\"inLanguage\":\"en\",\"@id\":\"https:\\\/\\\/uniondelbarrio.org\\\/main\\\/4-2\\\/about-udb\\\/the-history-of-union-del-barrio\\\/udb-history-2005-to-2008\\\/companero-marco-anguiano-a-man-of-principle-revolutionary-commitment\\\/#primaryimage\",\"url\":\"https:\\\/\\\/uniondelbarrio.org\\\/main\\\/wp-content\\\/uploads\\\/2015\\\/11\\\/Marco2015.jpg\",\"contentUrl\":\"https:\\\/\\\/uniondelbarrio.org\\\/main\\\/wp-content\\\/uploads\\\/2015\\\/11\\\/Marco2015.jpg\",\"width\":450,\"height\":675},{\"@type\":\"BreadcrumbList\",\"@id\":\"https:\\\/\\\/uniondelbarrio.org\\\/main\\\/4-2\\\/about-udb\\\/the-history-of-union-del-barrio\\\/udb-history-2005-to-2008\\\/companero-marco-anguiano-a-man-of-principle-revolutionary-commitment\\\/#breadcrumb\",\"itemListElement\":[{\"@type\":\"ListItem\",\"position\":1,\"name\":\"Home\",\"item\":\"https:\\\/\\\/uniondelbarrio.org\\\/main\\\/\"},{\"@type\":\"ListItem\",\"position\":2,\"name\":\"What is Uni\u00f3n del Barrio?\",\"item\":\"https:\\\/\\\/uniondelbarrio.org\\\/main\\\/4-2\\\/about-udb\\\/\"},{\"@type\":\"ListItem\",\"position\":3,\"name\":\"The History of Uni\u00f3n del Barrio\",\"item\":\"https:\\\/\\\/uniondelbarrio.org\\\/main\\\/4-2\\\/about-udb\\\/the-history-of-union-del-barrio\\\/\"},{\"@type\":\"ListItem\",\"position\":4,\"name\":\"UdB History &#8211; 2005 to 2008\",\"item\":\"https:\\\/\\\/uniondelbarrio.org\\\/main\\\/4-2\\\/about-udb\\\/the-history-of-union-del-barrio\\\/udb-history-2005-to-2008\\\/\"},{\"@type\":\"ListItem\",\"position\":5,\"name\":\"Compa\u00f1ero Marco Anguiano: A Man Of Principle &#038; Revolutionary Commitment\"}]},{\"@type\":\"WebSite\",\"@id\":\"https:\\\/\\\/uniondelbarrio.org\\\/main\\\/#website\",\"url\":\"https:\\\/\\\/uniondelbarrio.org\\\/main\\\/\",\"name\":\"Uni&oacute;n del Barrio\",\"description\":\"Concientizaci&oacute;n, Organizaci&oacute;n, Acci&oacute;n, y Liberaci&oacute;n\",\"potentialAction\":[{\"@type\":\"SearchAction\",\"target\":{\"@type\":\"EntryPoint\",\"urlTemplate\":\"https:\\\/\\\/uniondelbarrio.org\\\/main\\\/?s={search_term_string}\"},\"query-input\":{\"@type\":\"PropertyValueSpecification\",\"valueRequired\":true,\"valueName\":\"search_term_string\"}}],\"inLanguage\":\"en\"}]}<\/script>\n<!-- \/ Yoast SEO plugin. -->","yoast_head_json":{"title":"Compa\u00f1ero Marco Anguiano: A Man Of Principle & Revolutionary Commitment - Uni&oacute;n del Barrio","robots":{"index":"index","follow":"follow","max-snippet":"max-snippet:-1","max-image-preview":"max-image-preview:large","max-video-preview":"max-video-preview:-1"},"canonical":"https:\/\/uniondelbarrio.org\/main\/4-2\/about-udb\/the-history-of-union-del-barrio\/udb-history-2005-to-2008\/companero-marco-anguiano-a-man-of-principle-revolutionary-commitment\/","og_locale":"en_US","og_type":"article","og_title":"Compa\u00f1ero Marco Anguiano: A Man Of Principle & Revolutionary Commitment - Uni&oacute;n del Barrio","og_description":"On August 24, 2005 at 5:30 a.m. the movement for Raza liberation lost one of its most committed and talented activists, Marco Anguiano. A talented organizer, writer, political strategist and artist, compa\u00f1ero Marco lost his struggle against cancer. He was 52 years old. Throughout his more than 30 years of activism Compa\u00f1ero Marco came to [&hellip;]","og_url":"https:\/\/uniondelbarrio.org\/main\/4-2\/about-udb\/the-history-of-union-del-barrio\/udb-history-2005-to-2008\/companero-marco-anguiano-a-man-of-principle-revolutionary-commitment\/","og_site_name":"Uni&oacute;n del Barrio","article_publisher":"https:\/\/www.facebook.com\/UniondelBarrio\/","article_modified_time":"2025-08-25T00:10:32+00:00","og_image":[{"width":450,"height":675,"url":"https:\/\/uniondelbarrio.org\/main\/wp-content\/uploads\/2015\/11\/Marco2015.jpg","type":"image\/jpeg"}],"twitter_card":"summary_large_image","twitter_site":"@UniondelBarrio","twitter_misc":{"Est. reading time":"6 minutes"},"schema":{"@context":"https:\/\/schema.org","@graph":[{"@type":"WebPage","@id":"https:\/\/uniondelbarrio.org\/main\/4-2\/about-udb\/the-history-of-union-del-barrio\/udb-history-2005-to-2008\/companero-marco-anguiano-a-man-of-principle-revolutionary-commitment\/","url":"https:\/\/uniondelbarrio.org\/main\/4-2\/about-udb\/the-history-of-union-del-barrio\/udb-history-2005-to-2008\/companero-marco-anguiano-a-man-of-principle-revolutionary-commitment\/","name":"Compa\u00f1ero Marco Anguiano: A Man Of Principle & Revolutionary Commitment - Uni&oacute;n del Barrio","isPartOf":{"@id":"https:\/\/uniondelbarrio.org\/main\/#website"},"primaryImageOfPage":{"@id":"https:\/\/uniondelbarrio.org\/main\/4-2\/about-udb\/the-history-of-union-del-barrio\/udb-history-2005-to-2008\/companero-marco-anguiano-a-man-of-principle-revolutionary-commitment\/#primaryimage"},"image":{"@id":"https:\/\/uniondelbarrio.org\/main\/4-2\/about-udb\/the-history-of-union-del-barrio\/udb-history-2005-to-2008\/companero-marco-anguiano-a-man-of-principle-revolutionary-commitment\/#primaryimage"},"thumbnailUrl":"https:\/\/uniondelbarrio.org\/main\/wp-content\/uploads\/2015\/11\/Marco2015.jpg","datePublished":"2015-11-02T21:29:03+00:00","dateModified":"2025-08-25T00:10:32+00:00","breadcrumb":{"@id":"https:\/\/uniondelbarrio.org\/main\/4-2\/about-udb\/the-history-of-union-del-barrio\/udb-history-2005-to-2008\/companero-marco-anguiano-a-man-of-principle-revolutionary-commitment\/#breadcrumb"},"inLanguage":"en","potentialAction":[{"@type":"ReadAction","target":["https:\/\/uniondelbarrio.org\/main\/4-2\/about-udb\/the-history-of-union-del-barrio\/udb-history-2005-to-2008\/companero-marco-anguiano-a-man-of-principle-revolutionary-commitment\/"]}]},{"@type":"ImageObject","inLanguage":"en","@id":"https:\/\/uniondelbarrio.org\/main\/4-2\/about-udb\/the-history-of-union-del-barrio\/udb-history-2005-to-2008\/companero-marco-anguiano-a-man-of-principle-revolutionary-commitment\/#primaryimage","url":"https:\/\/uniondelbarrio.org\/main\/wp-content\/uploads\/2015\/11\/Marco2015.jpg","contentUrl":"https:\/\/uniondelbarrio.org\/main\/wp-content\/uploads\/2015\/11\/Marco2015.jpg","width":450,"height":675},{"@type":"BreadcrumbList","@id":"https:\/\/uniondelbarrio.org\/main\/4-2\/about-udb\/the-history-of-union-del-barrio\/udb-history-2005-to-2008\/companero-marco-anguiano-a-man-of-principle-revolutionary-commitment\/#breadcrumb","itemListElement":[{"@type":"ListItem","position":1,"name":"Home","item":"https:\/\/uniondelbarrio.org\/main\/"},{"@type":"ListItem","position":2,"name":"What is Uni\u00f3n del Barrio?","item":"https:\/\/uniondelbarrio.org\/main\/4-2\/about-udb\/"},{"@type":"ListItem","position":3,"name":"The History of Uni\u00f3n del Barrio","item":"https:\/\/uniondelbarrio.org\/main\/4-2\/about-udb\/the-history-of-union-del-barrio\/"},{"@type":"ListItem","position":4,"name":"UdB History &#8211; 2005 to 2008","item":"https:\/\/uniondelbarrio.org\/main\/4-2\/about-udb\/the-history-of-union-del-barrio\/udb-history-2005-to-2008\/"},{"@type":"ListItem","position":5,"name":"Compa\u00f1ero Marco Anguiano: A Man Of Principle &#038; Revolutionary Commitment"}]},{"@type":"WebSite","@id":"https:\/\/uniondelbarrio.org\/main\/#website","url":"https:\/\/uniondelbarrio.org\/main\/","name":"Uni&oacute;n del Barrio","description":"Concientizaci&oacute;n, Organizaci&oacute;n, Acci&oacute;n, y Liberaci&oacute;n","potentialAction":[{"@type":"SearchAction","target":{"@type":"EntryPoint","urlTemplate":"https:\/\/uniondelbarrio.org\/main\/?s={search_term_string}"},"query-input":{"@type":"PropertyValueSpecification","valueRequired":true,"valueName":"search_term_string"}}],"inLanguage":"en"}]}},"_links":{"self":[{"href":"https:\/\/uniondelbarrio.org\/main\/wp-json\/wp\/v2\/pages\/1906","targetHints":{"allow":["GET"]}}],"collection":[{"href":"https:\/\/uniondelbarrio.org\/main\/wp-json\/wp\/v2\/pages"}],"about":[{"href":"https:\/\/uniondelbarrio.org\/main\/wp-json\/wp\/v2\/types\/page"}],"author":[{"embeddable":true,"href":"https:\/\/uniondelbarrio.org\/main\/wp-json\/wp\/v2\/users\/1"}],"replies":[{"embeddable":true,"href":"https:\/\/uniondelbarrio.org\/main\/wp-json\/wp\/v2\/comments?post=1906"}],"version-history":[{"count":21,"href":"https:\/\/uniondelbarrio.org\/main\/wp-json\/wp\/v2\/pages\/1906\/revisions"}],"predecessor-version":[{"id":5217,"href":"https:\/\/uniondelbarrio.org\/main\/wp-json\/wp\/v2\/pages\/1906\/revisions\/5217"}],"up":[{"embeddable":true,"href":"https:\/\/uniondelbarrio.org\/main\/wp-json\/wp\/v2\/pages\/216"}],"wp:featuredmedia":[{"embeddable":true,"href":"https:\/\/uniondelbarrio.org\/main\/wp-json\/wp\/v2\/media\/1895"}],"wp:attachment":[{"href":"https:\/\/uniondelbarrio.org\/main\/wp-json\/wp\/v2\/media?parent=1906"}],"curies":[{"name":"wp","href":"https:\/\/api.w.org\/{rel}","templated":true}]}}